{"id":492,"date":"2015-11-11T17:03:44","date_gmt":"2015-11-11T15:03:44","guid":{"rendered":"http:\/\/kuruman-gliding-camp.de\/?page_id=492"},"modified":"2025-02-13T14:04:33","modified_gmt":"2025-02-13T12:04:33","slug":"aktueller-bericht","status":"publish","type":"page","link":"http:\/\/kuruman-gliding-camp.de\/","title":{"rendered":"Aktueller Bericht"},"content":{"rendered":"<h3><b>Februar 2025 &#8211; &#8230; Saison 25-26\u00a0<\/b><\/h3>\n<hr \/>\n<p>Wir leben noch!<\/p>\n<p>Nach einer gef\u00fchlten Ewigkeit kommt nun endlich wieder Schwung in das Thema S\u00fcdafrika, Fliegen und genie\u00dfen&#8230; \u00a0Nach einiger Umstrukturierung werden wir im Herbst 2025 mit (maximal) 2 Containern Flugzeuge an den Standort <strong>Douglas<\/strong> (hier kann auch Turbo, Jet sowie ummotorisiert geflogen werden!!) fahren!<\/p>\n<p>\u00a0<\/p>\n<p>Noch sind ein paar Pl\u00e4tze zu vergeben also\u00a0meldet euch:<\/p>\n<p>norbert.kalisch@mb-praezision.de<\/p>\n<p>gert.kalisch@t-online.de oder telefonisch unter +49175 5966023<\/p>\n<h3>\u00a0<\/h3>\n<h3><b>M\u00e4rz 2023 &#8211; &#8230; Saison 23-24\u00a0<\/b><\/h3>\n<hr \/>\n<p>Guten Tag zusammen, wir hatten ja nun im vergangenen Winter doch mehr Pech als uns lieb war. Der geplante Transport und die Durchf\u00fchrung der Camps sind dann nach langem hin und her doch abgesagt worden. Dies soll sich nun \u00e4ndern!\u00a0<\/p>\n<p>Wir beabsichtigen im Herbst 23 mit bis zu 3 Containern Flugzeuge an die Standorte <strong>Kuruman<\/strong> (nur Eigenstarter!!) sowie <strong>Douglas<\/strong> (hier kann Turbo, Jet sowie ummotorisiert geflogen werden!!) zu beschicken!<\/p>\n<p>Alsooooo&#8230; an alle Liebhaber\/innen von feinstem S\u00fcdafrikanischen Braai, erstklassigem Wein und traumhaften Segelflugwetter&#8230;. meldet euch:<\/p>\n<p>gert.kalisch@t-online.de oder telefonisch unter +49175 5966023<\/p>\n<p>Ab sofort werden Platzreservierungen entgegen genommen.<\/p>\n<h3><b>April 2022 &#8211; &#8230; Saison 22-23 gesichert&#8230;<\/b><\/h3>\n<hr \/>\n<p>&#8230;nachdem Namibia im vergangenen Winter die Pforten f\u00fcr alle Segelflieger ge\u00f6ffnet hatte und die S\u00fcdafrikaner noch mit deutlichen Einschr\u00e4nkungen zu k\u00e4mpfen hatten, steht nach nunmehr s\u00e4mtlichen &#8222;Lockerungen&#8220; was Reise- und Quarant\u00e4nebestimmungen betrifft, der n\u00e4chsten Wintersaison am Rande der Karoo nichts mehr im Wege. Hierbei handelt es sich um die Camps in Kuruman sowie Douglas.<\/p>\n<p>Das bedeutet konkret, wir werden im Oktober verschiffen. Die maximale Kapazit\u00e4t sind \u00a0im Moment noch 13 Flugzeugstellpl\u00e4tze in den \u00dcbersee-Containern.\u00a0<\/p>\n<p>Wer also Interesse hat, m\u00f6ge sich bitte bei Gert melden.<\/p>\n<p>Wir w\u00fcnschen allen eine Erfolgreiche und Unfallfreie Segelflugsaison 2022<\/p>\n<p>\u00a0<\/p>\n<h3>\u00a0<\/h3>\n<hr \/>\n<h3><b>Bericht 3 &#8211; &#8230; 2te Welle, diverse Mutanten&#8230;<\/b><\/h3>\n<hr \/>\n<p>&#8230;nun schreiben wir Februar&#8230; bislang beliefen die fliegerischen highlights im s\u00fcdlichen Afrika auf dem Plateau erschreckend \u00fcbersichtlich. Nicht weil es an den Camps gelegen h\u00e4tte &#8211; die Nationalen Segelflieger stellen mehr als gen\u00fcgend herausragende Piloten- vielmehr blieben die guten Tage f\u00fcr die Segelfliegerei, nahezu g\u00e4nzlich aus. Nun neigt sich die Saison auf der S\u00fcdhalbkugel seinem ENDE.<\/p>\n<p>Es mag an unterschiedlichen Faktoren liegen, jedenfalls gab es 2020\/21 im Zeitraum Oktober-ende Januar soviel regen wie seit \u00fcber 45 Jahren nicht mehr.\u00a0<\/p>\n<p>Wir sind schon etwas wehleidig nicht da gewesen sein zu d\u00fcrfen, \u00fcber die Meteorologischen Verh\u00e4ltnisse jedoch fast schon froh, nicht in den Fettnapf &#8211; nein- Fettfass&#8230; gesprungen zu sein wie manch anderer.<\/p>\n<p>Dar\u00fcber Hinaus w\u00e4ren ALLE Besatzungen mit Heimkehr ab dem 23.01.21 weitere 2 Wochen in heimischer Quarant\u00e4ne gestrandet. Mag sein das dass Langzeiturlauber nicht wirklich interessiert, die Vielzahl muss nach dem Urlaub normalerweise wieder arbeiten.<\/p>\n<p>Wenn sich alles rund um Covid-19, seinen ganzen wiederlichen Auslegern in S\u00fcdafrika, Portugal, Gro\u00dfbritannien, Brasilien &amp; Co. \u00fcber die Impfperiode legt, der Sommer sein \u00fcbriges tut, und das rund um den Globus \u00e4hnlich l\u00e4uft, freuen wir uns auf ein endlich wieder warmen Winter-Sommer in Kuruman!!<\/p>\n<p>Fazit: super schade- weil in Europa war es \u00fcber die Zeit auch kein Fest, trotzdem irgendwie mit dem Gef\u00fchl nicht wirklich viel verpasst zu haben, im Einklang!\u00a0<\/p>\n<p>ES KANN JA NUR BESSER WERDEN! WIR FREUEN UNS AUF EIN HOFFENTLICH GRANDIOSES JAHR 21-22<\/p>\n<p>&#8230;mit euch, gesund und mit gutem Wetter!\u00a0<\/p>\n<hr \/>\n<h3><b>Bericht 2 &#8211; &#8230;\u00a0<\/b><b>das AUS f\u00fcr\u00a0<\/b><b>diesen Winter !<\/b><\/h3>\n<hr \/>\n\n\n<p>nachdem nun die Beh\u00f6rden in Namibia die Einreisebedingungen (wahrscheinlich nur vor\u00fcbergehend&#8230;)  unter Auflagen gelockert haben, hat S\u00fcdafrika am 17. August 2020 von Level 3 auf Level 2 der \u201eRisk Adjusted Strategy Regulations\u201c gewechselt und passt weitere Ma\u00dfnahmen an. Von den Restriktionen weiterhin betroffen ist jedoch u.a. der kommerzielle Flugverkehr nach und aus S\u00fcdafrika.<\/p>\n\n\n\n<p>Damit- und aufgrund der weiter ansteigenden Infektionszahlen sehen wir es als unverantwortlich in diesem Winter die Container in ein &#8222;Risikogebiet&#8220; zu verschiffen. <\/p>\n\n\n\n<p>In der Hoffnung, dass die Pandemie sich weltweit beruhigt und insbesondere die Hoffnung auf eine baldige Verf\u00fcgbarkeit eines Impfstoffes planen wir nat\u00fcrlich rechtzeitig die Saison 2021\/2022! Wir werden hier im April 2021 \u00fcber den weiteren Fortgang informieren.<\/p>\n\n\n\n<p><strong>Damit ist die KURUMAN-Saison 2020\/2021 gecancelt.<\/strong><\/p>\n\n\n\n<p><\/p>\n\n\n<p><\/p>\n<hr>\n<h3><b>Bericht 1 &#8211; Sommer 2020-Covid-19<\/b><\/h3>\n<hr>\n\n\n<p>Seit dem ausladen am 18.03.2020 ist einige Zeit vergangen. F\u00fcr alle keine leichte Zeit, somal exakt an dem Entladewochenende der Europaweite Lockdown verh\u00e4ngt wurde. Nahezu alle hatten damit eine sehr ungew\u00f6hnliche An.- und  Abreise!<\/p>\n\n\n\n<p>Nun ist Europ\u00e4ischer Sommer und wir sind im Grunde kein St\u00fcck weiter gekommen um manifestierte Planungen f\u00fcr die S\u00fcdafrikanische Sommersaison 20\/21 zu ver\u00f6ffentlichen!<\/p>\n\n\n\n<p>Die Ferien in Deutschland f\u00fchren sicherlich wieder zu mehreren kompletten KO\u00b4s (siehe dem Beispiel T\u00f6nnies!) <\/p>\n\n\n\n<p>Wir halten in enger Absprache mit unseren S\u00fcdafrikanischen Freunden vorerst daran fest, das auch der n\u00e4chste Winter nicht in Europa stattfinden muss, sondern vielmehr f\u00fcr Segelflugbegeisterte an den Zentren in Douglas und Kuruman funktionieren kann.<\/p>\n\n\n\n<p>Was konkret im Herbst passiert, k\u00f6nnen wir zum derzeitigen Moment nicht absch\u00e4tzen! Wir hoffen, wir sind trotz allem optimistisch, wir werden fahren soweit die M\u00f6glichkeiten es zulassen.<\/p>\n\n\n<p><\/p>\n<hr>\n<h3><b>Bericht 18 &#8211; The End<\/b><b>\u2026<\/b><\/h3>\n<hr>\n\n\n<p><strong>Des einen Freud , des anderen Leid<\/strong><\/p>\n\n\n\n<p>Wenn wir bei gelegentlichen Besuchen in dem kleinen Restaurant mit Bar in unserer Lodge in dieser Saison die dort regelm\u00e4\u00dfig versammelten Farmer aus der Umgebung erlebt haben, dann schienen sie im Gegensatz zu den vergangenen 4-5 Jahren deutlich entspannter, gel\u00f6ster ja einfach gl\u00fccklicher . Der Grund war ganz einfach, es hat in diesem Jahr&nbsp; endlich mal wieder ordentlich geregnet.<\/p>\n\n\n\n<p>Wir kannten die Kalahari bisher nur in Farbt\u00f6nen <strong>braun<\/strong> die trockenen B\u00fcsche, <strong>gelb<\/strong> das verd\u00fcrrte Gras&nbsp; und <strong>rot<\/strong> die Erde. In diesem Jahr war schlussendlich alles saftig gr\u00fcn, das Buschwerk tr\u00e4gt sattes Gr\u00fcn und das Gras stand am Ende mittlerweile das 2te mal fast einen Meter hoch. Alles beste Bedingungen f\u00fcr die Tierwelt und in Folge auch f\u00fcr noch bessere Steaks vom Rind und Lamm.<\/p>\n\n\n\n<p>Nun sind wir nat\u00fcrlich nicht deshalb nach Kuruman gekommen,&nbsp; sondern mit dem Ziel an unsere sehr guten Leistungen der vergangenen Jahre anzukn\u00fcpfen.<\/p>\n\n\n\n<p>Was war geschehen;<\/p>\n\n\n\n<p>Der Saisonbeginn am 15.11.19 war mangels gen\u00fcgender Teilnehmer eine Woche sp\u00e4ter als sonst.<\/p>\n\n\n\n<p>Die folgenden 2 Wochen konnte im Prinzip durch geflogen werden, dabei waren an 5 Tagen Tausender m\u00f6glich. Der l\u00e4ngste Flug war 1170 km mit integrietem 1075km FAI-Dreieck.<\/p>\n\n\n\n<p>Nichts deutete auf irgend etwas Unnormales hin. Das Fluggebiet in der fr\u00fchen Saison von Kuruman aus, liegt im Osten bis etwa Mafikeng, dann nach Nordwesten&nbsp; hinein nach Botswana. Hier kann man gut Dreiecke bis zu 1300 km und mehr reinlegen. Das einzige Problem ist der noch relativ kurze Tag ( SS 18.35 Uhr LT ). Das es gehen kann machen uns die afrikanischen Sportfreunde ja immer wieder sogar noch fr\u00fcher in der Saison vor. Das j\u00e4he Ende trat dann nach 14 Tagen ein, der Trog schob sich von Nordosten heran und leitete die erste Regenperiode von 6 Tagen ein. V\u00f6llig ungew\u00f6hnlich!!!<\/p>\n\n\n\n<p>Der Trog zog sich dann wieder zur\u00fcck, aber leider nicht wie \u00fcblich sondern blieb etwas \u00f6stlich von Kuruman stehen. Es bildete sich keine klare Luftmassengrenze sondern das Ganze waberte hin und her. Das Ergebnis war eine st\u00e4ndige Gewitterwahrscheinlichkeit zwischen 30 und 60%.<\/p>\n\n\n\n<p>Das war eben&nbsp;\u201edes einen Freud und des anderen Leid\u201c. Ohne Ironie wiederholte unser Gastgeber Fritz, seine schon bekannten Worte :<\/p>\n\n\n\n<p>\u201eWenn in der Kalahari die Fr\u00f6sche quaken ist das sicher kein gutes Wetter f\u00fcr euch Segelflieger.\u201c<\/p>\n\n\n\n<p>Leider sollte er damit bis zum Ende der Saison Recht behalten. Wenn man dieses Elend dann tagt\u00e4glich im Briefing vermitteln mu\u00df meint man ja, dass die zur Verf\u00fcgung stehenden mindestens 3 Wetterprogramme einem eine Hilfe sind. Weit gefehlt! Feuerrote PFD Prognosen&nbsp; bei \u201eTopmeteo\u201c oder knallharte Luftmassengrenzen bei \u201eSkySight\u201c, sehen zwar ganz toll aus, stimmen aber in den meisten F\u00e4llen nicht.<\/p>\n\n\n\n<p>Anders ist das&nbsp; mit dem \u00fcbrigens kostenlosen \u201eWeather SA\u201c. Dort kann man aus den angebotenen Karten mit Wind und Luftfeuchtigkeit \u00fcber die Zeit und H\u00f6he, eine pr\u00e4zise Vorhersage machen. Da findet man sogar bei dem morgendlichen Windsprung den Zeitpunkt des Thermikbeginns heraus. &nbsp;Die Darstellung der Gewitterwahrscheinlichkeit rundet dieses tolle Instrument ab. Da wird einem nicht alles in knalligem Rot vorgegaukelt wenn es ringsum blitzt und donnert.<\/p>\n\n\n\n<p>Die Saison ging dann unter diesen Bedingungen weiter. Allerdings waren fast t\u00e4glich um die 500 km&nbsp;machbar. Die fliegerischen Anspr\u00fcche hier in Afrika sind das nicht!!!<\/p>\n\n\n<div class=\"wp-block-image\">\n<figure class=\"aligncenter size-large\"><img decoding=\"async\" loading=\"lazy\" width=\"1024\" height=\"768\" src=\"http:\/\/kuruman-gliding-camp.de\/wp-content\/uploads\/2020\/01\/70685ffd-0352-47ac-9380-eb05cf20db15.jpg\" alt=\"\" class=\"wp-image-1418\" srcset=\"http:\/\/kuruman-gliding-camp.de\/wp-content\/uploads\/2020\/01\/70685ffd-0352-47ac-9380-eb05cf20db15.jpg 1024w, http:\/\/kuruman-gliding-camp.de\/wp-content\/uploads\/2020\/01\/70685ffd-0352-47ac-9380-eb05cf20db15-150x113.jpg 150w, http:\/\/kuruman-gliding-camp.de\/wp-content\/uploads\/2020\/01\/70685ffd-0352-47ac-9380-eb05cf20db15-768x576.jpg 768w\" sizes=\"(max-width: 1024px) 100vw, 1024px\" \/><\/figure><\/div>\n\n\n<p>Mittlerweile sind die Flieger eingepackt und auf dem Weg zum Hafen. Ausgeladen wird&nbsp; Anfang M\u00e4rz und damit beginnt schon die Vorbereitung f\u00fcr die n\u00e4chste Saison und die Verteilung der vorhandenen Containerpl\u00e4tze.<\/p>\n\n\n<p><\/p>\n<hr>\n<h3><b>Bericht 17 &#8211;&nbsp;<\/b><b>letzte Woche,&nbsp;<\/b><b>Zielgerade\u2026<\/b><\/h3>\n<hr>\n\n\n<p>Nachdem die letzten beiden Tage <strong>(20.\/21.01.)<\/strong> v\u00f6llig \u00fcberraschend nicht die +1000 km &#8211; Wetterprognosen vom TopMeteo best\u00e4tigen konnten, hielt der <strong>Mittwoch<\/strong> eine etwas trockenere Luftmasse f\u00fcr uns bereit. F\u00fcr die ergiebigen Niederschl\u00e4ge der Vergangenheit ging es dann erstaunlich fr\u00fch los. Kurz nach 11 Uhr Lokalzeit konnte gestartet werden, selbst die Arbeitsh\u00f6he war im Vergleich zu den Tagen oder Wochen zuvor, sehr angenehm. Jedenfalls zu beginn\u2026einmal im Osten runter vom Plateau geglitten, stellte sich relativ flott wieder der \u00fcbliche Krampf mit schwachem Steigen und abfallender Basis ein.&nbsp;<\/p>\n\n\n\n<p>Mit der Idee, nach der ersten Wende s\u00fcdlich Vryburg nach Nordwesten an die Vorderkante vom Trog zu verlagern stellten sich noch schlechtere Bedingungen ein. Mit \u00fcppigen 1000mAGL brauchte es bis nach 14:30 Uhr, das auch in der Gegend um Pomfred der Thermikschalter auf \u201eAN\u201c gelegt wurde. Danach ging es zwar mit deutlich besseren Steigwerten und Basish\u00f6hen von \u00fcber 4500mMSL komfortabel weiter, allerdings galt es nun mit 40 km\/h Wind klar zu kommen. Gut, man kann ja nicht alles haben&#8230;<\/p>\n\n\n\n<p>Am <strong>23.01.<\/strong> gibt die Vorhersage wiederholt \u00fcbertriebene PFD Werte, der st\u00e4ndig zu fr\u00fch prognostiziere Thermikbeginn schlie\u00dft sich direkt nebst euphorischer Arbeitsh\u00f6hen an. <\/p>\n\n\n<div class=\"wp-block-image\">\n<figure class=\"aligncenter size-large\"><img decoding=\"async\" loading=\"lazy\" width=\"2000\" height=\"832\" src=\"http:\/\/kuruman-gliding-camp.de\/wp-content\/uploads\/2020\/01\/Bildschirmfoto-2020-01-23-um-23.07.14-2000x832.png\" alt=\"\" class=\"wp-image-1411\" srcset=\"http:\/\/kuruman-gliding-camp.de\/wp-content\/uploads\/2020\/01\/Bildschirmfoto-2020-01-23-um-23.07.14-2000x832.png 2000w, http:\/\/kuruman-gliding-camp.de\/wp-content\/uploads\/2020\/01\/Bildschirmfoto-2020-01-23-um-23.07.14-150x62.png 150w, http:\/\/kuruman-gliding-camp.de\/wp-content\/uploads\/2020\/01\/Bildschirmfoto-2020-01-23-um-23.07.14-768x320.png 768w, http:\/\/kuruman-gliding-camp.de\/wp-content\/uploads\/2020\/01\/Bildschirmfoto-2020-01-23-um-23.07.14-1536x639.png 1536w, http:\/\/kuruman-gliding-camp.de\/wp-content\/uploads\/2020\/01\/Bildschirmfoto-2020-01-23-um-23.07.14-2048x852.png 2048w\" sizes=\"(max-width: 2000px) 100vw, 2000px\" \/><figcaption class=\"wp-element-caption\">keine Ahnung was man dazu noch sagen soll&#8230;<\/figcaption><\/figure><\/div>\n\n\n<p>Allerdings sollte das Briefing am morgen mit \u00dcbereinstimmung aller Wetteranbietern den wahrscheinlich letzten &#8222;sinnvollen&#8220; Flugtag f\u00fcr die Saison 2019-20 ank\u00fcndigen.<\/p>\n\n\n\n<p>Also fliegen! Gestartet wurde dann nicht um 11 Uhr bei 4000mMSL Cumulusbasis, das w\u00e4re schlie\u00dflich viel zu sp\u00e4t. Ja, es wurde gewartet bis 12:40 Uhr loc., weil vorher einfach gar nichts m\u00f6glich war.&nbsp;<\/p>\n\n\n<div class=\"wp-block-image\">\n<figure class=\"aligncenter size-large is-resized\"><img decoding=\"async\" loading=\"lazy\" src=\"http:\/\/kuruman-gliding-camp.de\/wp-content\/uploads\/2020\/01\/Bildschirmfoto-2020-01-23-um-23.09.16.png\" alt=\"\" class=\"wp-image-1412\" width=\"462\" height=\"209\" srcset=\"http:\/\/kuruman-gliding-camp.de\/wp-content\/uploads\/2020\/01\/Bildschirmfoto-2020-01-23-um-23.09.16.png 1420w, http:\/\/kuruman-gliding-camp.de\/wp-content\/uploads\/2020\/01\/Bildschirmfoto-2020-01-23-um-23.09.16-150x68.png 150w, http:\/\/kuruman-gliding-camp.de\/wp-content\/uploads\/2020\/01\/Bildschirmfoto-2020-01-23-um-23.09.16-768x348.png 768w\" sizes=\"(max-width: 462px) 100vw, 462px\" \/><figcaption class=\"wp-element-caption\">zumindest hat der Wind beinahe gestimmt<\/figcaption><\/figure><\/div>\n\n\n<p>Am Ende kommen nochmal um die 700km zusammen mit einem letzten Ausblick \u00fcber den Grenzfluss zu Botswana und die mittlerweile herrlich gr\u00fcne, bl\u00fchende Kalahari.&nbsp;                                                                                    Ein v\u00f6llig Wetterverr\u00fccktes Jahr im nordwestlichen S\u00fcdafrika neigt sich dem Ende\u2026<\/p>\n\n\n\n<figure class=\"wp-block-image size-large is-resized\"><img decoding=\"async\" loading=\"lazy\" src=\"http:\/\/kuruman-gliding-camp.de\/wp-content\/uploads\/2020\/01\/19-1.jpg\" alt=\"\" class=\"wp-image-1414\" width=\"576\" height=\"189\" srcset=\"http:\/\/kuruman-gliding-camp.de\/wp-content\/uploads\/2020\/01\/19-1.jpg 1012w, http:\/\/kuruman-gliding-camp.de\/wp-content\/uploads\/2020\/01\/19-1-150x49.jpg 150w, http:\/\/kuruman-gliding-camp.de\/wp-content\/uploads\/2020\/01\/19-1-768x253.jpg 768w\" sizes=\"(max-width: 576px) 100vw, 576px\" \/><\/figure>\n\n\n<p><\/p>\n<hr>\n<h3><b>Bericht 16.1 &#8211;&nbsp;<\/b><b>Rest der Woche\u2026<\/b><\/h3>\n<hr>\n\n\n<p>Die Fl\u00fcge der Vortage belegen die Situation um unseren widerlichen Luftmassentropfen, der sich offensichtlich in hiesigem Bereich verklemmt hat. Alle Fl\u00fcge im OLC zeigen, das sie einen gro\u00dfen Bogen um Kuruman gemacht haben, die die sich in die Gegend verirrten, schildern Bedingungen wie in der Magdeburger B\u00f6rde nach einem Jahr Dauerregen .<\/p>\n\n\n\n<p>Am <strong>15.01.<\/strong> ist wieder nahezu das gleiche Bild im Topmeteo auf der PFD Karte&nbsp; und dem Konvektionsverlauf zu sehen, man versucht offensichtlich mit viel roter Farbe die Realit\u00e4t zu kaschieren\u2026 Nicht mehr so ganz motiviert aber dennoch getrieben vom Wetterbericht zuckeln alle zum Start. Schlie\u00dflich ist man zum Fliegen unter besten Bedingungen nach Afrika gereist.<\/p>\n\n\n\n<p>Los ging\u00b4s wie immer, sp\u00e4ter als der Bericht es vorgab und ebenfalls wie immer auch deutlich z\u00e4her. Nachdem etwa 100 km s\u00fcdlich dann der Anschluss an \u201eechte\u201c Thermik hergestellt war, knallte es auch kurzzeitig ordentlich los. Der Schenkel nach Askham in den Nordwesten Richtung      3-L\u00e4nder-Eck lief mit 153 km\/h im Mittel bei 35 km\/h Gegenwind endlich mal afrikanisch. Leider packte das Wetter dann schon ab 16:30 Uhr langsam zusammen und h\u00f6rte schon 1,5 Stunden vor Sunset komplett auf.<\/p>\n\n\n\n<p>Die weiteren Tage bis zum Sonntag &#8211; im Grunde der gleiche Mist nur ohne der Roten Farbe im Wetterbericht \u2026.G\u00e4\u00e4\u00e4\u00e4\u00e4hn!<br><\/p>\n\n\n<p><\/p>\n<hr>\n<h3><b>Bericht 16 &#8211;&nbsp;<\/b><b>besagter Folgetag mit seinem Folgetag\u2026<\/b><\/h3>\n<hr>\n\n\n<p>Am morgen des <strong>13.01.<\/strong> wurden eifrig \u201eBemmen\u201c geschmiert denn die Prognose des Vorabends hielt. Was soll da noch schief gehen, denkt man noch\u2026 Ab 9:45 Uhr belagerten alle die Startstelle auf der 02 und sehnten den Moment herbei wo der erste Windsto\u00df die Thermik ank\u00fcndigt. Die erste Kumulus am Horizont und es ging los.<\/p>\n\n\n<div class=\"wp-block-image\">\n<figure class=\"aligncenter size-large is-resized\"><img decoding=\"async\" loading=\"lazy\" src=\"http:\/\/kuruman-gliding-camp.de\/wp-content\/uploads\/2020\/01\/a3a2561e-ea1a-4fc3-b194-d6ac3ec1785f.jpg\" alt=\"\" class=\"wp-image-1399\" width=\"457\" height=\"343\" srcset=\"http:\/\/kuruman-gliding-camp.de\/wp-content\/uploads\/2020\/01\/a3a2561e-ea1a-4fc3-b194-d6ac3ec1785f.jpg 1280w, http:\/\/kuruman-gliding-camp.de\/wp-content\/uploads\/2020\/01\/a3a2561e-ea1a-4fc3-b194-d6ac3ec1785f-150x113.jpg 150w, http:\/\/kuruman-gliding-camp.de\/wp-content\/uploads\/2020\/01\/a3a2561e-ea1a-4fc3-b194-d6ac3ec1785f-768x576.jpg 768w\" sizes=\"(max-width: 457px) 100vw, 457px\" \/><figcaption class=\"wp-element-caption\">Blick nach S\u00fcden, morgens halb 10!<\/figcaption><\/figure><\/div>\n\n\n<p>Mit 4 Flugzeugen wurden nun bis 13:30 Uhr lokaler Zeit im Wechsel mit H\u00f6he abgleiten, die Kraftstofftanks nahezu leer geflogen. Der in der ferne gesehene Cumulus entwickelte sich direkt zu einem Cb! Drum rum nichts als blauer Himmel\u2026 ab 14 Uhr gab es auch um Kuruman Quellwolken aus denen es bereits 15:30 Uhr ergiebig sch\u00fcttete.<\/p>\n\n\n<div class=\"wp-block-image\">\n<figure class=\"aligncenter size-large\"><img decoding=\"async\" loading=\"lazy\" width=\"1596\" height=\"1246\" src=\"http:\/\/kuruman-gliding-camp.de\/wp-content\/uploads\/2020\/01\/Bildschirmfoto-2020-01-13-um-16.40.13.png\" alt=\"\" class=\"wp-image-1400\" srcset=\"http:\/\/kuruman-gliding-camp.de\/wp-content\/uploads\/2020\/01\/Bildschirmfoto-2020-01-13-um-16.40.13.png 1596w, http:\/\/kuruman-gliding-camp.de\/wp-content\/uploads\/2020\/01\/Bildschirmfoto-2020-01-13-um-16.40.13-150x117.png 150w, http:\/\/kuruman-gliding-camp.de\/wp-content\/uploads\/2020\/01\/Bildschirmfoto-2020-01-13-um-16.40.13-768x600.png 768w, http:\/\/kuruman-gliding-camp.de\/wp-content\/uploads\/2020\/01\/Bildschirmfoto-2020-01-13-um-16.40.13-1536x1199.png 1536w\" sizes=\"(max-width: 1596px) 100vw, 1596px\" \/><figcaption class=\"wp-element-caption\">PFD und Satellit um 15:30 Uhr am 13.01.20<\/figcaption><\/figure><\/div>\n\n\n<p>Der <strong>14.01.<\/strong> sollte in der Durchf\u00fchrung, in allen erlogenen Topmeteo- Karten mit den sch\u00f6nen Farben, sowie in der Realit\u00e4t ein Spiegelbild des <strong>13.01.<\/strong> werden.<\/p>\n\n\n\n<figure class=\"wp-block-image size-large\"><img decoding=\"async\" loading=\"lazy\" width=\"1356\" height=\"562\" src=\"http:\/\/kuruman-gliding-camp.de\/wp-content\/uploads\/2020\/01\/Bildschirmfoto-2020-01-14-um-16.54.40-1.png\" alt=\"\" class=\"wp-image-1403\" srcset=\"http:\/\/kuruman-gliding-camp.de\/wp-content\/uploads\/2020\/01\/Bildschirmfoto-2020-01-14-um-16.54.40-1.png 1356w, http:\/\/kuruman-gliding-camp.de\/wp-content\/uploads\/2020\/01\/Bildschirmfoto-2020-01-14-um-16.54.40-1-150x62.png 150w, http:\/\/kuruman-gliding-camp.de\/wp-content\/uploads\/2020\/01\/Bildschirmfoto-2020-01-14-um-16.54.40-1-768x318.png 768w\" sizes=\"(max-width: 1356px) 100vw, 1356px\" \/><figcaption class=\"wp-element-caption\">PFD und Satellit (diesmal schon) um 15 Uhr am 14.01.20<\/figcaption><\/figure>\n\n\n\n<p>Die Bilder muss man sehen, sonst glaubt das ja keiner,                            Einfach unvorstellbar??????<\/p>\n\n\n<p><\/p>\n<hr>\n<h3><b>Bericht 15&nbsp;<\/b><\/h3>\n<hr>\n\n\n<p><strong>Der 11.01.<\/strong> kam wieder mit viel Labilit\u00e4t in unserem Bereich, die Steigwerte und Basiswerte des Vortages in Verbindung mit noch mehr Wasser von oben lie\u00df bei keinem Team so recht Lust aufkommen. Dazu stellt sich so langsam der Bewuchs, l\u00e4ngs der Start und Landebahn, auf die H\u00f6he der unl\u00e4ngst gefallenen Niederschl\u00e4ge ein. Wir ben\u00f6tigen in dieser Saison doch tats\u00e4chlich zum zweiten mal den G\u00e4rtner! <strong>Am 12.01.<\/strong> liegen wir wieder in einer Art \u201eneutralen Blase\u201c, ringsum solls aber werden. Der Tag geht normal los, Cumulus auf dem gesamten s\u00fcdlichen Hochplateau schm\u00fccken den Himmel. Anfangs liegt die Basis bei etwa 2500-2600mMSL und steigt sogar bis \u00fcber 4000mMSL an. Leider entwickelt schon die erste Wolke direkt \u00fcber und nahezu alle anderen tun ihr das gleich. Bereits 15:30 Uhr Ortszeit ist Kuruman eingekesselt und die Zellen saugen das umliegende Wetter gen\u00fcsslich in sich auf.<\/p>\n\n\n<div class=\"wp-block-image\">\n<figure class=\"aligncenter size-large is-resized\"><img decoding=\"async\" loading=\"lazy\" src=\"http:\/\/kuruman-gliding-camp.de\/wp-content\/uploads\/2020\/01\/2020-01-12-um-1530.png\" alt=\"\" class=\"wp-image-1395\" width=\"387\" height=\"314\" srcset=\"http:\/\/kuruman-gliding-camp.de\/wp-content\/uploads\/2020\/01\/2020-01-12-um-1530.png 952w, http:\/\/kuruman-gliding-camp.de\/wp-content\/uploads\/2020\/01\/2020-01-12-um-1530-150x122.png 150w, http:\/\/kuruman-gliding-camp.de\/wp-content\/uploads\/2020\/01\/2020-01-12-um-1530-768x624.png 768w\" sizes=\"(max-width: 387px) 100vw, 387px\" \/><figcaption class=\"wp-element-caption\">15:30 Uhr lokal<\/figcaption><\/figure><\/div>\n\n\n<p>Der Trost, die Aussichten f\u00fcr den folgenden Tag\u2026<\/p>\n\n\n<div class=\"wp-block-image\">\n<figure class=\"aligncenter size-large is-resized\"><img decoding=\"async\" loading=\"lazy\" src=\"http:\/\/kuruman-gliding-camp.de\/wp-content\/uploads\/2020\/01\/image-3.png\" alt=\"\" class=\"wp-image-1397\" width=\"519\" height=\"432\" srcset=\"http:\/\/kuruman-gliding-camp.de\/wp-content\/uploads\/2020\/01\/image-3.png 749w, http:\/\/kuruman-gliding-camp.de\/wp-content\/uploads\/2020\/01\/image-3-150x125.png 150w\" sizes=\"(max-width: 519px) 100vw, 519px\" \/><\/figure><\/div>\n\n<p><\/p>\n<hr>\n<h3><b>Bericht 14 &#8211; zarter Wetterumbruch<\/b><\/h3>\n<hr>\n\n\n<p>Mit <strong>dem<\/strong> <strong>09.01.<\/strong> kam der seit Wochen ersehnte &#8222;Wetterumbruch&#8220; ;o)  Zun\u00e4chst nicht sonderlich eindrucksvoll, im Bezug auf die vergangenen Tage jedoch schon merklich. Keine Gewitter, wenig Wind, fliegbare Bedingungen\u2026 allerdings nur, weil bereits alle nahe des Lagerkollers waren. Also hie\u00df es auspacken und fliegen! Die Bedingungen waren anfangs z\u00e4h und sehr m\u00fchsam, bei Arbeitsh\u00f6hen von 700-900mGND ist es auf dem Hochplateau kein Geschenk auf Strecke zu gehen.<\/p>\n\n\n\n<p><strong>Am 10.01.<\/strong> sollte es in unserem Bereich zu Cumulus ohne nennenswerte \u00dcberentwicklungen oder Gewittern mit Basish\u00f6hen Anfangs (blau) bei 1200mAGL ansteigend bis 3000mAGL kommen.&nbsp;Bereits 10:30 Uhr konnte man auf dem Satellit Quellungen \u00f6stlich sowie entlang der Hills s\u00fcdlich erkennen.<\/p>\n\n\n<div class=\"wp-block-image\">\n<figure class=\"aligncenter size-large\"><img decoding=\"async\" loading=\"lazy\" width=\"1356\" height=\"644\" src=\"http:\/\/kuruman-gliding-camp.de\/wp-content\/uploads\/2020\/01\/Bildschirmfoto-2020-01-11-um-16.35.12.png\" alt=\"\" class=\"wp-image-1391\" srcset=\"http:\/\/kuruman-gliding-camp.de\/wp-content\/uploads\/2020\/01\/Bildschirmfoto-2020-01-11-um-16.35.12.png 1356w, http:\/\/kuruman-gliding-camp.de\/wp-content\/uploads\/2020\/01\/Bildschirmfoto-2020-01-11-um-16.35.12-150x71.png 150w, http:\/\/kuruman-gliding-camp.de\/wp-content\/uploads\/2020\/01\/Bildschirmfoto-2020-01-11-um-16.35.12-768x365.png 768w\" sizes=\"(max-width: 1356px) 100vw, 1356px\" \/><figcaption class=\"wp-element-caption\">v.l.n.r. 11 und 13 Uhr lokal<\/figcaption><\/figure><\/div>\n\n\n<p>Bis 15 Uhr sah alles easy aus, dann ging es recht fix. 15:30 Uhr ging die erste gro\u00dfe Zelle im Norden auf, sowas bringt mini-minimale Absaugeffekte mit sich und neutralisiert nicht nur die Optik im m\u00f6glichen Fluggebiet. Nord-West sowie Botswana waren somit nur m\u00fchsam passierbar. <\/p>\n\n\n<div class=\"wp-block-image\">\n<figure class=\"aligncenter size-large\"><img decoding=\"async\" loading=\"lazy\" width=\"1356\" height=\"644\" src=\"http:\/\/kuruman-gliding-camp.de\/wp-content\/uploads\/2020\/01\/Bildschirmfoto-2020-01-11-um-16.35.26.png\" alt=\"\" class=\"wp-image-1393\" srcset=\"http:\/\/kuruman-gliding-camp.de\/wp-content\/uploads\/2020\/01\/Bildschirmfoto-2020-01-11-um-16.35.26.png 1356w, http:\/\/kuruman-gliding-camp.de\/wp-content\/uploads\/2020\/01\/Bildschirmfoto-2020-01-11-um-16.35.26-150x71.png 150w, http:\/\/kuruman-gliding-camp.de\/wp-content\/uploads\/2020\/01\/Bildschirmfoto-2020-01-11-um-16.35.26-768x365.png 768w\" sizes=\"(max-width: 1356px) 100vw, 1356px\" \/><figcaption class=\"wp-element-caption\">v.l.n.r. 15 und 15:30 Uhr lokal<\/figcaption><\/figure><\/div>\n\n\n<p>Entsprechend schwer hatten es dann die, die aus genau dieser Richtung wieder rein kommen mussten. Aufgrund der nicht eingetretenen 3000mAGL hungerte man sich mit langem Hals bis zum Mienenflugplatz Hotazel, zum Gl\u00fcck gabt dort Anschluss anstelle den Motor oder das Fahrwerk zu schmei\u00dfen. Happy End mit etwas \u00fcber 900km.<\/p>\n\n\n<div class=\"wp-block-image\">\n<figure class=\"aligncenter size-large\"><img decoding=\"async\" loading=\"lazy\" width=\"1600\" height=\"1200\" src=\"http:\/\/kuruman-gliding-camp.de\/wp-content\/uploads\/2020\/01\/642b6b74-03be-40b7-ba24-2a0b5042f580.jpg\" alt=\"\" class=\"wp-image-1392\" srcset=\"http:\/\/kuruman-gliding-camp.de\/wp-content\/uploads\/2020\/01\/642b6b74-03be-40b7-ba24-2a0b5042f580.jpg 1600w, http:\/\/kuruman-gliding-camp.de\/wp-content\/uploads\/2020\/01\/642b6b74-03be-40b7-ba24-2a0b5042f580-150x113.jpg 150w, http:\/\/kuruman-gliding-camp.de\/wp-content\/uploads\/2020\/01\/642b6b74-03be-40b7-ba24-2a0b5042f580-768x576.jpg 768w, http:\/\/kuruman-gliding-camp.de\/wp-content\/uploads\/2020\/01\/642b6b74-03be-40b7-ba24-2a0b5042f580-1536x1152.jpg 1536w\" sizes=\"(max-width: 1600px) 100vw, 1600px\" \/><\/figure><\/div>\n\n<p><\/p>\n<hr>\n<h3><b>Bericht 13 &#8211;&nbsp;<\/b><b>nichts neues<\/b><\/h3>\n<hr>\n\n\n<p>&#8230;zusammenfassend ein aussagekr\u00e4ftiges Bild das die gesamten vergangenen Tage wieder spiegelt&#8230;bis gestern! <\/p>\n\n\n<div class=\"wp-block-image\">\n<figure class=\"aligncenter size-large\"><img decoding=\"async\" loading=\"lazy\" width=\"1030\" height=\"1006\" src=\"http:\/\/kuruman-gliding-camp.de\/wp-content\/uploads\/2020\/01\/Bildschirmfoto-2020-01-07-um-08.33.27.png\" alt=\"\" class=\"wp-image-1387\" srcset=\"http:\/\/kuruman-gliding-camp.de\/wp-content\/uploads\/2020\/01\/Bildschirmfoto-2020-01-07-um-08.33.27.png 1030w, http:\/\/kuruman-gliding-camp.de\/wp-content\/uploads\/2020\/01\/Bildschirmfoto-2020-01-07-um-08.33.27-150x147.png 150w, http:\/\/kuruman-gliding-camp.de\/wp-content\/uploads\/2020\/01\/Bildschirmfoto-2020-01-07-um-08.33.27-768x750.png 768w\" sizes=\"(max-width: 1030px) 100vw, 1030px\" \/><\/figure><\/div>\n\n\n<p>Au\u00dfer einem Tag an dem gerade ein mimi Fenster zu einem mehr oder weniger spektakul\u00e4ren Flug reichte, zeigt euch das Bild unserer ungl\u00fcckliche Situation. Der genannte Tag reichte f\u00fcr die &#8222;neuen&#8220; auf dem 4DM, Olaf Rehme und Robert Krahe aus Hamburg f\u00fcr eine kurze Runde bis an die Lange Berge und zur\u00fcck, f\u00fcr Igor war kein zur\u00fcck kommen mehr m\u00f6glich. Er musste bis kurz vor Sunset in der N\u00e4he von Tswalu parken, weil heftige Gewitter den Heimweg versperrten. Die Landung auf Tswalu, einer Game-Lodge mit L\u00f6wen die auch im Bereich der Runway nicht selten umher laufen, war unvermeidlich. Alles gut gegangen, unsere Piloten kamen einen Tag sp\u00e4ter auf dem Luftweg zur\u00fcck.<\/p>\n\n\n<p><\/p>\n<hr>\n<h3><b>Bericht 12 &#8211;&nbsp;<\/b><b>\u00dcberholspur r\u00fcckw\u00e4rts<\/b><\/h3>\n<hr>\n\n\n<p>Die folgenden 3 Tage bis einschlie\u00dflich dem 29.12. blieb das Wetter mies. Leider f\u00e4llt es mittlerweile sehr schwer \u00fcber irgend etwas ins schw\u00e4rmen zu kommen. Ein Lichtblick blieb, das Jahr 2019 wollte sich ab dem 30.12. mit besserem Wetter verabschieden.<\/p>\n\n\n<div class=\"wp-block-image\">\n<figure class=\"alignleft size-large is-resized\"><img decoding=\"async\" loading=\"lazy\" src=\"http:\/\/kuruman-gliding-camp.de\/wp-content\/uploads\/2020\/01\/Bildschirmfoto-2019-12-29-um-15.35.19.png\" alt=\"\" class=\"wp-image-1381\" width=\"251\" height=\"248\" srcset=\"http:\/\/kuruman-gliding-camp.de\/wp-content\/uploads\/2020\/01\/Bildschirmfoto-2019-12-29-um-15.35.19.png 520w, http:\/\/kuruman-gliding-camp.de\/wp-content\/uploads\/2020\/01\/Bildschirmfoto-2019-12-29-um-15.35.19-150x148.png 150w\" sizes=\"(max-width: 251px) 100vw, 251px\" \/><figcaption class=\"wp-element-caption\">wie angeklebt blieb die Abschirmung bis zum letzten Zipfel bei uns<\/figcaption><\/figure><\/div>\n\n\n<p><strong>Am 29.12.<\/strong> 15:15 verabschiedet sich die abschirmende Bew\u00f6lkung nach Osten, daf\u00fcr begr\u00fc\u00dfen wir Georg Kirchner mit Renate und Georg Donner, er hat den Junioren-F\u00f6rderpreis in \u00d6sterreich gewonnen und wird nun f\u00fcr 2 Wochen im 4 DM platz nehmen.<\/p>\n\n\n\n<p><strong>Am 30.12. und 31.12.<\/strong> konnte geflogen werden. Wenn man das so nennen kann. Mit 1000m Basis und einem Durchschnittssteigen von 1,2m\/s setzten die \u201eTestpiloten\u201c um 15:15 Uhr loc. wieder in Kuruman auf. F\u00fcr Silvester war das Wetter dann besser vorhergesagt, alle standen ab 10 Uhr startbereit auf der 02! Mit dem ersten Start 10:40 Uhr w\u00e4ren gro\u00dfe Fl\u00fcge m\u00f6glich gewesen\u2026. Wie gesagt, w\u00e4ren! Bis etwa 13 Uhr war es schwierig die Motorabstellh\u00f6he zu halten. Mit 56 % Kurbelanteil und einem mittleren Steigen von 0,8 m\/s setzt der 31.12. allerdings andere neue Ma\u00dfst\u00e4be. Ab 16:30 Uhr hingen dann ringsum fette beleuchtete Schauer.<\/p>\n\n\n\n<p>Wir w\u00fcnschen allen ein Unfallfreies, erfolgreiches und sch\u00f6nes Jahr 2020!&nbsp;<br><\/p>\n\n\n\n<p><strong>01.01.2020<\/strong> Das neue Jahr beginnt wie das alte aufgeh\u00f6rt hat! Wieder bis 13 Uhr warten, dann kamen die dann die ersten Cumulus und gingen relativ z\u00fcgig in Cb\u00b4s \u00fcber. Ab 15:10 Uhr zuckten wieder die Blitze und die Stromversorgung brach zusammen.<\/p>\n\n\n<div class=\"wp-block-image\">\n<figure class=\"aligncenter size-large\"><img decoding=\"async\" loading=\"lazy\" width=\"1958\" height=\"738\" src=\"http:\/\/kuruman-gliding-camp.de\/wp-content\/uploads\/2020\/01\/Bildschirmfoto-2020-01-01-um-16.07.42.png\" alt=\"\" class=\"wp-image-1383\" srcset=\"http:\/\/kuruman-gliding-camp.de\/wp-content\/uploads\/2020\/01\/Bildschirmfoto-2020-01-01-um-16.07.42.png 1958w, http:\/\/kuruman-gliding-camp.de\/wp-content\/uploads\/2020\/01\/Bildschirmfoto-2020-01-01-um-16.07.42-150x57.png 150w, http:\/\/kuruman-gliding-camp.de\/wp-content\/uploads\/2020\/01\/Bildschirmfoto-2020-01-01-um-16.07.42-768x289.png 768w, http:\/\/kuruman-gliding-camp.de\/wp-content\/uploads\/2020\/01\/Bildschirmfoto-2020-01-01-um-16.07.42-1536x579.png 1536w\" sizes=\"(max-width: 1958px) 100vw, 1958px\" \/><figcaption class=\"wp-element-caption\">wir warten weiter auf vern\u00fcnftiges Wetter??<\/figcaption><\/figure><\/div>\n\n<p><\/p>\n<hr>\n<h3><b>Bericht 11 &#8211; und gut&nbsp;ist auch anders<\/b><\/h3>\n<hr>\n\n\n<p><strong>Am 18.12.<\/strong> war die Prognose schwierig, in unserem Bereich war fr\u00fch noch viel Feuchte am Himmel, Rester von Niederschl\u00e4gen und Gewittern der letzten Nacht. Das Satellitenbild zeigte eine rasche Aufl\u00f6sung, so das bereits halb 11 Ortszeit im S\u00fcden von Kuruman die ersten Quellungen entstanden. Allerdings befanden wir uns grenzwertig nahe dem Bereich, f\u00fcr den ganzt\u00e4gig heftige Schauer und Gewitter vorhergesagt waren. Dazu das \u00fcbliche Windproblem, diesmal weniger am Boden (mit ca. 30km\/h cross), daf\u00fcr mit 57 km\/h in Basish\u00f6he die mit 3000 AMSL nicht gerade irrsinnig hoch sein sollte. Zun\u00e4chst sah es deutlich aufger\u00e4umter aus als erwartet, mit eintreffen der dichten Abschirmung aus S\u00fcdwesten gegen 16:30 Uhr loc. wurde die Einstrahlung ausgeknipst und der Thermikschalter auf null umgelegt. Au\u00dfer Igor, der eigentlich fast jeden Tag f\u00fcr kleinere Runden nutzt, flog kein anderer. Zumindest die Aussichten f\u00fcr die kommenden Tage haben sich gebessert.<\/p>\n\n\n<div class=\"wp-block-image\">\n<figure class=\"aligncenter size-large\"><img decoding=\"async\" loading=\"lazy\" width=\"1310\" height=\"632\" src=\"http:\/\/kuruman-gliding-camp.de\/wp-content\/uploads\/2019\/12\/Bildschirmfoto-2019-12-26-um-18.01.55.png\" alt=\"\" class=\"wp-image-1374\" srcset=\"http:\/\/kuruman-gliding-camp.de\/wp-content\/uploads\/2019\/12\/Bildschirmfoto-2019-12-26-um-18.01.55.png 1310w, http:\/\/kuruman-gliding-camp.de\/wp-content\/uploads\/2019\/12\/Bildschirmfoto-2019-12-26-um-18.01.55-150x72.png 150w, http:\/\/kuruman-gliding-camp.de\/wp-content\/uploads\/2019\/12\/Bildschirmfoto-2019-12-26-um-18.01.55-768x371.png 768w\" sizes=\"(max-width: 1310px) 100vw, 1310px\" \/><\/figure><\/div>\n\n\n<p><strong>Am 19.und 20.12.<\/strong> im Prinzip das gleiche Elend! <strong>Der 21.12.<\/strong> brachte \u00c4nderungen in H\u00fclle und F\u00fclle bis einschlie\u00dflich dem <strong>22.12.<\/strong>! N\u00e4mlich ganzt\u00e4gig Abschirmung mit gelegentlich eingelagerten Schauern. Wir begr\u00fc\u00dfen zum Abend des 4.Advent Laurens und Jonna mit ihren Eltern. <strong>Der 23.12.<\/strong> wird direkt zum Instandsetzen der Propellerbremse und einem Ausgedehnten Einkauf in Kathu genutzt. Das Wetter Sollte in unserem Bereich ab Mittag nass werden. Im 200 km entfernten Douglas ging daf\u00fcr heftig die Post ab! (Siehe OLC)<\/p>\n\n\n\n<p><strong>Weihnachten!<\/strong> Zum Fest das beste, die Wetterprognosen aller 3 zu Rate gezogenen Programme unterscheiden sich erheblich, aufgrund des entgangenen Vortages wird geflogen. Zu beginn entwickelte sich der Tag \u201enormal\u201c, auf einen Basisanstieg warteten die Piloten jedoch vergeblich. Gro\u00dffl\u00e4chige Abschirmungen machten den Tag zu einer Slalomfahrt und brachten ein zeitiges Ende. Nun war wenigstens noch genug Zeit f\u00fcr die Zubereitung der Weihnachtsgans, hier in Ermangelung der Gans auch Pute genannt. Wir W\u00fcnschen allen ein frohes Fest.<\/p>\n\n\n<div class=\"wp-block-image\">\n<figure class=\"aligncenter size-large\"><img decoding=\"async\" loading=\"lazy\" width=\"2000\" height=\"789\" src=\"http:\/\/kuruman-gliding-camp.de\/wp-content\/uploads\/2019\/12\/P1040499-1-2000x789.jpg\" alt=\"\" class=\"wp-image-1375\" srcset=\"http:\/\/kuruman-gliding-camp.de\/wp-content\/uploads\/2019\/12\/P1040499-1-2000x789.jpg 2000w, http:\/\/kuruman-gliding-camp.de\/wp-content\/uploads\/2019\/12\/P1040499-1-150x59.jpg 150w, http:\/\/kuruman-gliding-camp.de\/wp-content\/uploads\/2019\/12\/P1040499-1-768x303.jpg 768w, http:\/\/kuruman-gliding-camp.de\/wp-content\/uploads\/2019\/12\/P1040499-1-1536x606.jpg 1536w, http:\/\/kuruman-gliding-camp.de\/wp-content\/uploads\/2019\/12\/P1040499-1-2048x808.jpg 2048w\" sizes=\"(max-width: 2000px) 100vw, 2000px\" \/><figcaption class=\"wp-element-caption\">J\u00fcrgen mittelhoch<\/figcaption><\/figure><\/div>\n\n<div class=\"wp-block-image\">\n<figure class=\"aligncenter size-large\"><img decoding=\"async\" loading=\"lazy\" width=\"2000\" height=\"915\" src=\"http:\/\/kuruman-gliding-camp.de\/wp-content\/uploads\/2019\/12\/P1040501-1-2000x915.jpg\" alt=\"\" class=\"wp-image-1376\" srcset=\"http:\/\/kuruman-gliding-camp.de\/wp-content\/uploads\/2019\/12\/P1040501-1-2000x915.jpg 2000w, http:\/\/kuruman-gliding-camp.de\/wp-content\/uploads\/2019\/12\/P1040501-1-150x69.jpg 150w, http:\/\/kuruman-gliding-camp.de\/wp-content\/uploads\/2019\/12\/P1040501-1-768x351.jpg 768w, http:\/\/kuruman-gliding-camp.de\/wp-content\/uploads\/2019\/12\/P1040501-1-1536x703.jpg 1536w, http:\/\/kuruman-gliding-camp.de\/wp-content\/uploads\/2019\/12\/P1040501-1-2048x937.jpg 2048w\" sizes=\"(max-width: 2000px) 100vw, 2000px\" \/><figcaption class=\"wp-element-caption\">J\u00fcrgen h\u00f6her als vorher&#8230;<\/figcaption><\/figure><\/div>\n\n\n<p><strong>Am 25.12.<\/strong> blieb es ebenfalls \u00fcber Kuruman bis 13:30Uhr grau und bedeckt. Fr\u00fch keine Chance thermisch raus zu kommen und damit wieder keine M\u00f6glichkeit auf gro\u00dfe Fl\u00fcge.<\/p>\n\n\n\n<p>Die Prognose f\u00fcr den <strong>26.12.<\/strong> sahen ebenfalls viel Wind und davon noch mehr vor (jedenfalls S\u00fcdlich von uns)! Der fliegbare Klumpen, der bei uns liegen sollte, war sichtbar durch einige fasrige Cumulus gezeichnet aber dennoch unerreichbar weit im Osten. Vorgelagerte abschirmende Bew\u00f6lkung machte die Ausbildung von Thermik bis nach 13Uhr nicht m\u00f6glich. Ab 15 Uhr konnte man den kr\u00e4ftigen Wind in 3000mAGL gut sehen. Alles begann zu wellen\u2026<\/p>\n\n\n<div class=\"wp-block-image\">\n<figure class=\"aligncenter size-large is-resized\"><img decoding=\"async\" loading=\"lazy\" src=\"http:\/\/kuruman-gliding-camp.de\/wp-content\/uploads\/2019\/12\/image.png\" alt=\"\" class=\"wp-image-1377\" width=\"358\" height=\"298\" srcset=\"http:\/\/kuruman-gliding-camp.de\/wp-content\/uploads\/2019\/12\/image.png 749w, http:\/\/kuruman-gliding-camp.de\/wp-content\/uploads\/2019\/12\/image-150x125.png 150w\" sizes=\"(max-width: 358px) 100vw, 358px\" \/><figcaption class=\"wp-element-caption\">PFD f\u00fcr den 26.12.<\/figcaption><\/figure><\/div>\n\n<div class=\"wp-block-image\">\n<figure class=\"aligncenter size-large is-resized\"><img decoding=\"async\" loading=\"lazy\" src=\"http:\/\/kuruman-gliding-camp.de\/wp-content\/uploads\/2019\/12\/Bildschirmfoto-2019-12-26-um-15.42.28-1.png\" alt=\"\" class=\"wp-image-1378\" width=\"361\" height=\"450\" srcset=\"http:\/\/kuruman-gliding-camp.de\/wp-content\/uploads\/2019\/12\/Bildschirmfoto-2019-12-26-um-15.42.28-1.png 1008w, http:\/\/kuruman-gliding-camp.de\/wp-content\/uploads\/2019\/12\/Bildschirmfoto-2019-12-26-um-15.42.28-1-120x150.png 120w, http:\/\/kuruman-gliding-camp.de\/wp-content\/uploads\/2019\/12\/Bildschirmfoto-2019-12-26-um-15.42.28-1-768x958.png 768w\" sizes=\"(max-width: 361px) 100vw, 361px\" \/><figcaption class=\"wp-element-caption\">26.12. 15 Uhr local<\/figcaption><\/figure><\/div>\n\n<p><\/p>\n<hr>\n<h3><b>Bericht 10 &#8211;&nbsp;<\/b><b>Ideal geht anders<\/b><\/h3>\n<hr>\n\n\n<p><strong>Sonntag der 15.12.<\/strong> zu dem immer noch andauernden nicht unerheblichen Wind m\u00f6chte ich schon gar nichts mehr schreiben. Der einzige positive Unterschied zur Nordhalbkugel besticht im Moment durch ausreichende Vitamin D Versorgung wegen ungehinderter Sonneneinstrahlung! Zu einer deutlichen Verbesserung der guten Laune f\u00fchrt dies allerdings aktuell und \u00fcberraschend nicht!                                                                                        Hiermit legen wir h\u00f6chst offiziell <strong>\u201ePROTEST\u201c<\/strong> gegen dieses Wetter ein!!!&nbsp;<\/p>\n\n\n\n<p><strong>Montag<\/strong> morgen sah die PFD Karte in unserem Bereich f\u00fcr uns immerhin bis zu 800 km vor. Andere Anbieter waren da etwas verhaltener. Dazu sollte ganzt\u00e4gig ungest\u00f6rter Sonnenschein bei nur noch 35 km\/h Wind mit Arbeitsh\u00f6hen bis 2000mAGL sein. Ein idealer Tag f\u00fcr den Pool in der Lodge.<\/p>\n\n\n\n<p>Das Wetter am <strong>Dienstag<\/strong> versprach mehr Labilit\u00e4t aus Westen, wieder viel Wind und Arbeitsh\u00f6hen um die 3000mAGL. Soweit schon mal eine Verbesserung zum Vortag. Der Start war dann kurz vor 10 aufgebaut und es wurde auf einsetzende Thermik gewartet\u2026und gewartet und gewartet. Gegen 13 Uhr waren dann erste Cumulus zu sehen, zu der Zeit hingen aber schon 3 Piloten und weitere Helfer im Triebwerk des 4DM um einem gerissenem Bremsbowdenzug Herr zu werden. Bei der Zuggeschwindigkeit h\u00e4tte hier ohnehin um 16 Uhr eine sehr kompakte, dichte Bew\u00f6lkung das vorzeitige aus gebracht.&nbsp;Ab 17 Uhr begann es endlich mal wieder zu tr\u00f6pfeln. Prima Tag&#8230;<\/p>\n\n\n\n<p>Am Abend begr\u00fc\u00dfen wir J\u00fcrgen M\u00fcller, er wird mit seiner ASH 31 nun bis Ende Januar schwimmen&#8230;\u00e4\u00e4\u00e4&#8230; fliegen.<\/p>\n\n\n<hr>\n<h3><b>Bericht 9.1 &#8211; Donnerstag &#8211; Samstag<\/b><\/h3>\n<hr>\n\n\n<p><strong>Am 12.12.<\/strong> trullerten wie gew\u00f6hnlich alle kurz vor 09:00 Uhr loc. zum morgendlichen Briefing ein. Eile war geboten, da die Prognosen f\u00fcr diesen Tag \u00fcber Nacht Fahrt aufgeholt hatten. Fr\u00fcher Thermikbeginn mit Cumulus im gesamten Bereich \u00f6stlich, n\u00f6rdlich und s\u00fcdlich mit guten Arbeitsh\u00f6hen war angek\u00fcndigt.<\/p>\n\n\n<div class=\"wp-block-image\">\n<figure class=\"aligncenter size-large\"><img decoding=\"async\" loading=\"lazy\" width=\"640\" height=\"182\" src=\"http:\/\/kuruman-gliding-camp.de\/wp-content\/uploads\/2019\/12\/Bildschirmfoto-2019-12-12-um-12.36.25.png\" alt=\"\" class=\"wp-image-1356\" srcset=\"http:\/\/kuruman-gliding-camp.de\/wp-content\/uploads\/2019\/12\/Bildschirmfoto-2019-12-12-um-12.36.25.png 640w, http:\/\/kuruman-gliding-camp.de\/wp-content\/uploads\/2019\/12\/Bildschirmfoto-2019-12-12-um-12.36.25-150x43.png 150w\" sizes=\"(max-width: 640px) 100vw, 640px\" \/><figcaption class=\"wp-element-caption\">PFD vom 12.12. 9Uhr, die beiden anderen Karten sind 15 Uhr loc.<\/figcaption><\/figure><\/div>\n\n\n<p>Gegen 11:40 erreichte unser \u201eWeb-Center\u201c die Nachricht das bereits 120km geflogen waren. Der Satelitenlauf sah auch entsprechend gut aus, sodass wir \u00fcppige Ausbeute erhoffen konnten. Wieso dann 1,5 Stunden vor Sunset gelandet wurde\u2026 Gert klappte die Haube hoch und verwies auf seine Armbanduhr, es sei schlie\u00dflich 19:15 Uhr, wieso er der einzige sei, der am Platz bzw. in Flugplatzn\u00e4he w\u00e4re!<\/p>\n\n\n<div class=\"wp-block-image\">\n<figure class=\"aligncenter size-large is-resized\"><img decoding=\"async\" loading=\"lazy\" src=\"http:\/\/kuruman-gliding-camp.de\/wp-content\/uploads\/2019\/12\/Bildschirmfoto-2019-12-12-um-16.24.35-1.png\" alt=\"\" class=\"wp-image-1358\" width=\"376\" height=\"323\" srcset=\"http:\/\/kuruman-gliding-camp.de\/wp-content\/uploads\/2019\/12\/Bildschirmfoto-2019-12-12-um-16.24.35-1.png 560w, http:\/\/kuruman-gliding-camp.de\/wp-content\/uploads\/2019\/12\/Bildschirmfoto-2019-12-12-um-16.24.35-1-150x129.png 150w\" sizes=\"(max-width: 376px) 100vw, 376px\" \/><figcaption class=\"wp-element-caption\">das war dann ca. 18:30 Uhr loc.<\/figcaption><\/figure><\/div>\n\n\n<p>Jedenfalls stand das Wetter bis zum dunkel werden. Schnitt stimmte, Lust auf fliegen war auch vorhanden\u20261000+ dank der s*hei\u00df Uhr leider wieder verpasst!<\/p>\n\n\n\n<p>Zum <strong>13.12 und 14.12.<\/strong>! Schon wenn einem beim Fr\u00fchst\u00fcck die Toastscheibe vom Tisch fliegt, ist dies zumeist kein ideales Zeichen! Wenn diese Scheibe dann wenigstens in eine bestimmte Richtung fliegen w\u00fcrde, h\u00e4tte man unter Ber\u00fccksichtigung der restlichen Wetterkarten an fliegen denken k\u00f6nnen\u2026.. eben nur wenn! An beiden Tagen flog das Toast in die falsche Richtung! Was im Umkehrschluss bedeutete, dass am Flugplatz der wind fast 90 Grad zur Bahn mit giftigen 45 km\/h blies. Da die Buschgruppen dann eine irre Verwirbelung auf die Piste projezieren, ist der Startlauf \u00e4u\u00dferst kritisch. Aus Vernunft und Sicherheit wurden beide Tage gecancelt!<\/p>\n\n\n<div class=\"wp-block-image\">\n<figure class=\"aligncenter size-large is-resized\"><img decoding=\"async\" loading=\"lazy\" src=\"http:\/\/kuruman-gliding-camp.de\/wp-content\/uploads\/2019\/12\/Bildschirmfoto-2019-12-14-um-19.30.08.png\" alt=\"\" class=\"wp-image-1359\" width=\"369\" height=\"343\" srcset=\"http:\/\/kuruman-gliding-camp.de\/wp-content\/uploads\/2019\/12\/Bildschirmfoto-2019-12-14-um-19.30.08.png 846w, http:\/\/kuruman-gliding-camp.de\/wp-content\/uploads\/2019\/12\/Bildschirmfoto-2019-12-14-um-19.30.08-150x139.png 150w, http:\/\/kuruman-gliding-camp.de\/wp-content\/uploads\/2019\/12\/Bildschirmfoto-2019-12-14-um-19.30.08-768x712.png 768w\" sizes=\"(max-width: 369px) 100vw, 369px\" \/><figcaption class=\"wp-element-caption\">Quelle: Ventusky<\/figcaption><\/figure><\/div>\n\n<hr>\n<h3><b>Bericht 9 &#8211; Zwischendurch ein &#8222;Mittenhoch&#8220;<\/b><\/h3>\n<hr>\n\n\n<p><strong>Montag der 09.12.<\/strong> der obligatorische Blick fr\u00fch in den Satellit verhie\u00df wieder nichts gutes, westlich von uns stand ein monstr\u00f6s gro\u00dfer Wolkenklumpen, bereits mit eingelagerten Schauern und Zugrichtung Kuruman. Der nasse H\u00f6hepunkt sollte uns gegen 13-14 Uhr erreichen und \u00fcber den Nachmittag langsam abregnen! Genug Zeit um im &#8222;Schatten&#8220; der triefenden Wolken irgendwie Georg\u00b4s Motor zum Leben zu erwecken. Wenigstens die Aussichten f\u00fcr die kommenden tage waren etwas besser. Gut, noch schlechter konnte es eigentlich auch nicht mehr werden\u2026<br><\/p>\n\n\n<div class=\"wp-block-image\">\n<figure class=\"aligncenter size-large\"><img decoding=\"async\" loading=\"lazy\" width=\"640\" height=\"252\" src=\"http:\/\/kuruman-gliding-camp.de\/wp-content\/uploads\/2019\/12\/Wetter-Montag.png\" alt=\"\" class=\"wp-image-1340\" srcset=\"http:\/\/kuruman-gliding-camp.de\/wp-content\/uploads\/2019\/12\/Wetter-Montag.png 640w, http:\/\/kuruman-gliding-camp.de\/wp-content\/uploads\/2019\/12\/Wetter-Montag-150x59.png 150w\" sizes=\"(max-width: 640px) 100vw, 640px\" \/><figcaption class=\"wp-element-caption\">Satelit 8:00 loc, Pfeill\u00e4nge ca.230km Windrichtung wie Pfeil mit etwa 30km\/h, hier sind  trotzdem gut 700km machbar, das Bild unter beschreibt die Situation um 17 Uhr, also fast wieder trocken&#8230;<\/figcaption><\/figure><\/div>\n\n\n<div class=\"wp-block-media-text alignwide is-vertically-aligned-center\"><figure class=\"wp-block-media-text__media\"><img decoding=\"async\" loading=\"lazy\" width=\"161\" height=\"148\" src=\"http:\/\/kuruman-gliding-camp.de\/wp-content\/uploads\/2019\/12\/image-3.jpeg\" alt=\"\" class=\"wp-image-1347 size-full\" srcset=\"http:\/\/kuruman-gliding-camp.de\/wp-content\/uploads\/2019\/12\/image-3.jpeg 161w, http:\/\/kuruman-gliding-camp.de\/wp-content\/uploads\/2019\/12\/image-3-150x138.jpeg 150w\" sizes=\"(max-width: 161px) 100vw, 161px\" \/><\/figure><div class=\"wp-block-media-text__content\">\n<p class=\"has-text-align-left has-normal-font-size\">Auch Dienstag dann nochmal Pause, diese wurde direkt genutzt um Georgs Flieger beiseite zu schieben und den n\u00e4chsten 4DM (mit funktionierenden Motor..) auf zu r\u00fcsten!<\/p>\n<\/div><\/div>\n\n\n\n<p><br><\/p>\n\n\n\n<p>Beim morgendlichen Blick an den Himmel des <strong>11.12.<\/strong> war die Freude \u00fcber Sonne satt schon mal gro\u00df, das Briefing versprach sogar in den Karten einen vern\u00fcnftigen Flugtag, die feuchte Luftmasse war weit genug nach Osten raus gewandert sodass relativ gro\u00dfr\u00e4umig ordentliche Bedingungen zu erwarten waren. Das sich topMeteo gerne mit den Farben verzettelt, sei hier nur ein wieder-wiederholtes mal vorsichtig angesprochen. (Wahrscheinlich liegt es aber nur am potenzial der Piloten, die weit unter den notwendigen Voraussetzungen des Anbieters operieren.) Am Ende des Tages stand dann zwar nicht die 4te und extrem rote Stelle vorm Komma, dennoch ein ordentliches Ergebnis mit 930 km und der Nummer 2 im Tagesranking f\u00fcr das s\u00fcdlichste Afrika.<\/p>\n\n\n<div class=\"wp-block-image\">\n<figure class=\"aligncenter size-large\"><img decoding=\"async\" loading=\"lazy\" width=\"1738\" height=\"680\" src=\"http:\/\/kuruman-gliding-camp.de\/wp-content\/uploads\/2019\/12\/Bildschirmfoto-2019-12-11-um-20.08.56.png\" alt=\"\" class=\"wp-image-1341\" srcset=\"http:\/\/kuruman-gliding-camp.de\/wp-content\/uploads\/2019\/12\/Bildschirmfoto-2019-12-11-um-20.08.56.png 1738w, http:\/\/kuruman-gliding-camp.de\/wp-content\/uploads\/2019\/12\/Bildschirmfoto-2019-12-11-um-20.08.56-150x59.png 150w, http:\/\/kuruman-gliding-camp.de\/wp-content\/uploads\/2019\/12\/Bildschirmfoto-2019-12-11-um-20.08.56-768x300.png 768w, http:\/\/kuruman-gliding-camp.de\/wp-content\/uploads\/2019\/12\/Bildschirmfoto-2019-12-11-um-20.08.56-1536x601.png 1536w\" sizes=\"(max-width: 1738px) 100vw, 1738px\" \/><figcaption class=\"wp-element-caption\">Satelit und PFD vom 11.12.19 (09:00 Uhr loc.<\/figcaption><\/figure><\/div>\n\n\n<figure class=\"wp-block-image size-large\"><img decoding=\"async\" loading=\"lazy\" width=\"778\" height=\"1062\" src=\"http:\/\/kuruman-gliding-camp.de\/wp-content\/uploads\/2019\/12\/Bildschirmfoto-2019-12-11-um-20.06.05-1.png\" alt=\"\" class=\"wp-image-1343\" srcset=\"http:\/\/kuruman-gliding-camp.de\/wp-content\/uploads\/2019\/12\/Bildschirmfoto-2019-12-11-um-20.06.05-1.png 778w, http:\/\/kuruman-gliding-camp.de\/wp-content\/uploads\/2019\/12\/Bildschirmfoto-2019-12-11-um-20.06.05-1-110x150.png 110w, http:\/\/kuruman-gliding-camp.de\/wp-content\/uploads\/2019\/12\/Bildschirmfoto-2019-12-11-um-20.06.05-1-768x1048.png 768w\" sizes=\"(max-width: 778px) 100vw, 778px\" \/><figcaption class=\"wp-element-caption\">&#8230;passt fast zur PFD Vorhersage&#8230;der Pilot h\u00e4tte sich allerdings auch einfach am Rot orientieren k\u00f6nnen, dann h\u00e4tt\u00b4s bestimmt mit 1000\u00b4k  geklappt. <\/figcaption><\/figure>\n\n\n<hr>\n<h3><b>Bericht 8.2 &#8211;&nbsp;<\/b><b>Samstag und Sonntag<\/b><\/h3>\n<hr>\n\n\n<p>Am Samstag befanden wir uns schon ganz nah an der \u201eblauen Kante\u201c. Leider nur nah dran und nicht drunter. Die Sonnenstahlen die dann doch 10 Uhr durchbrachen erzeugten sofort eine Art Dampfbad. Igor wollte (\u2026warscheinlich aus Verzweiflung!?) dennoch fliegen. Bis zum fr\u00fchen Abend blieb diese klatschnasse Suppe recht station\u00e4r, sp\u00e4ter konnte oder wollte man aber ein leichtes \u201eaufl\u00f6sen\u201c hinein interpretierten. Unter umst\u00e4nden lag das auch an einem Mitbringsel vor der Westk\u00fcste, denn von                  \u201ethe Fat Man\u201c fuhren auch ein paar Rohre mit nach Kuruman!<\/p>\n\n\n\n<p>Wir begr\u00fc\u00dfen ab heute unsere \u201eNeuank\u00f6mmlinge\u201c Yukka Halminen mit Tapio Kimanen aus Finnland, sie werden einen 4DM fliegen und den neuen Mann auf Igors 2ten Sitz, Ilia!<\/p>\n\n\n\n<p>Sonntag brachte das Wetter wieder keine wesentliche \u00c4nderung mit sich, ab Mittag wiedermal Regen. Allerdings waren l\u00e4ngere trockene Abschnitte als die letzten Tage&#8230;. irgendwie lange nicht mehr vom Fliegen berichtet!?         Naja, die kommende Woche solls wieder werden&#8230;<\/p>\n\n\n<hr>\n<h3><b>Bericht 8.1 &#8211; Alternativprogramm Westk\u00fcste<\/b><\/h3>\n<hr>\n\n\n<p>Kurz entschlossen wollten wir die angek\u00fcndigten Regentage an der Westk\u00fcste verbringen. Ziel war Port Nolloth mit einem Ausflug in die Diamantenstadt&nbsp; Alexander Bay, das milliardenschwere Mekka des De Beer Imperiums.                                                                                                                   Es ging \u00fcber Upington und Springbock nach Port Nolloth. Der Weg bis Upington war uns hinl\u00e4nglich sowohl aus der Luft wie am Boden bekannt (\u00fcber Upington geht es zum Augrabis Nationalpark mit dem bekannten Wasserfall&nbsp; des Oranje Rivers ) und deshalb nicht nochmal erw\u00e4hnenswert. Nach Upington h\u00f6rte der Regen auf und 50 km sp\u00e4ter stieg die Temperatur von mageren 18 auf 36 Grad. Das war ja ganz angenehm, aber Affenwind von S\u00fcden machte das Autofahren zum besonderen Erlebnis. Begleitet wurde der Wind von einem mittelm\u00e4\u00dfigen Sandsturm,&nbsp; welcher zu einem ganz merkw\u00fcrdigen Lichtspiel f\u00fchrte. Anf\u00e4nglich flaches W\u00fcstenland geht allm\u00e4hlich in bergiges Gebiet \u00fcber mit spektakul\u00e4ren Aussichten.<\/p>\n\n\n\n<p>Am Nachmittag dann Ankunft am Ziel. Von den 36 Grad keine Rede mehr, straffe Atlantik Briese und wieder 18 Grad, daf\u00fcr aber eine tolle Unterkunft im Voetbaai Guesthouse.<\/p>\n\n\n<div class=\"wp-block-image\">\n<figure class=\"aligncenter size-large\"><img decoding=\"async\" loading=\"lazy\" width=\"2000\" height=\"1500\" src=\"http:\/\/kuruman-gliding-camp.de\/wp-content\/uploads\/2019\/12\/CIMG6270-2000x1500.jpg\" alt=\"\" class=\"wp-image-1323\" srcset=\"http:\/\/kuruman-gliding-camp.de\/wp-content\/uploads\/2019\/12\/CIMG6270-2000x1500.jpg 2000w, http:\/\/kuruman-gliding-camp.de\/wp-content\/uploads\/2019\/12\/CIMG6270-150x113.jpg 150w, http:\/\/kuruman-gliding-camp.de\/wp-content\/uploads\/2019\/12\/CIMG6270-768x576.jpg 768w, http:\/\/kuruman-gliding-camp.de\/wp-content\/uploads\/2019\/12\/CIMG6270-1536x1152.jpg 1536w, http:\/\/kuruman-gliding-camp.de\/wp-content\/uploads\/2019\/12\/CIMG6270-2048x1536.jpg 2048w\" sizes=\"(max-width: 2000px) 100vw, 2000px\" \/><\/figure><\/div>\n\n\n<figure class=\"wp-block-image size-large\"><img decoding=\"async\" loading=\"lazy\" width=\"2000\" height=\"1500\" src=\"http:\/\/kuruman-gliding-camp.de\/wp-content\/uploads\/2019\/12\/CIMG6282-2000x1500.jpg\" alt=\"\" class=\"wp-image-1324\" srcset=\"http:\/\/kuruman-gliding-camp.de\/wp-content\/uploads\/2019\/12\/CIMG6282-2000x1500.jpg 2000w, http:\/\/kuruman-gliding-camp.de\/wp-content\/uploads\/2019\/12\/CIMG6282-150x113.jpg 150w, http:\/\/kuruman-gliding-camp.de\/wp-content\/uploads\/2019\/12\/CIMG6282-768x576.jpg 768w, http:\/\/kuruman-gliding-camp.de\/wp-content\/uploads\/2019\/12\/CIMG6282-1536x1152.jpg 1536w, http:\/\/kuruman-gliding-camp.de\/wp-content\/uploads\/2019\/12\/CIMG6282-2048x1536.jpg 2048w\" sizes=\"(max-width: 2000px) 100vw, 2000px\" \/><\/figure>\n\n\n<div class=\"wp-block-image\">\n<figure class=\"aligncenter size-large\"><img decoding=\"async\" loading=\"lazy\" width=\"2000\" height=\"1500\" src=\"http:\/\/kuruman-gliding-camp.de\/wp-content\/uploads\/2019\/12\/CIMG6269-2000x1500.jpg\" alt=\"\" class=\"wp-image-1325\" srcset=\"http:\/\/kuruman-gliding-camp.de\/wp-content\/uploads\/2019\/12\/CIMG6269-2000x1500.jpg 2000w, http:\/\/kuruman-gliding-camp.de\/wp-content\/uploads\/2019\/12\/CIMG6269-150x113.jpg 150w, http:\/\/kuruman-gliding-camp.de\/wp-content\/uploads\/2019\/12\/CIMG6269-768x576.jpg 768w, http:\/\/kuruman-gliding-camp.de\/wp-content\/uploads\/2019\/12\/CIMG6269-1536x1152.jpg 1536w, http:\/\/kuruman-gliding-camp.de\/wp-content\/uploads\/2019\/12\/CIMG6269-2048x1536.jpg 2048w\" sizes=\"(max-width: 2000px) 100vw, 2000px\" \/><\/figure><\/div>\n\n\n<p>Schnell die Klamotten ausgepackt und dann eine erste Erkundungstour durch den langgezogenen Ort. Abendessen in einem typischen Fisch Restaurant direkt am Meer, nettes Ambiente, tolles Essen und ein Preis der einem schon peinlich ist. <\/p>\n\n\n<div class=\"wp-block-image\">\n<figure class=\"aligncenter size-large\"><img decoding=\"async\" loading=\"lazy\" width=\"2000\" height=\"936\" src=\"http:\/\/kuruman-gliding-camp.de\/wp-content\/uploads\/2019\/12\/Bildschirmfoto-2019-12-07-um-15.21.40-2000x936.png\" alt=\"\" class=\"wp-image-1334\" srcset=\"http:\/\/kuruman-gliding-camp.de\/wp-content\/uploads\/2019\/12\/Bildschirmfoto-2019-12-07-um-15.21.40-2000x936.png 2000w, http:\/\/kuruman-gliding-camp.de\/wp-content\/uploads\/2019\/12\/Bildschirmfoto-2019-12-07-um-15.21.40-150x70.png 150w, http:\/\/kuruman-gliding-camp.de\/wp-content\/uploads\/2019\/12\/Bildschirmfoto-2019-12-07-um-15.21.40-768x359.png 768w, http:\/\/kuruman-gliding-camp.de\/wp-content\/uploads\/2019\/12\/Bildschirmfoto-2019-12-07-um-15.21.40-1536x719.png 1536w, http:\/\/kuruman-gliding-camp.de\/wp-content\/uploads\/2019\/12\/Bildschirmfoto-2019-12-07-um-15.21.40-2048x958.png 2048w\" sizes=\"(max-width: 2000px) 100vw, 2000px\" \/><figcaption class=\"wp-element-caption\">kleiner Fat Man im v\u00f6llig \u00fcberf\u00fcllten wirkenden Vespetti gef\u00e4llig!?<\/figcaption><\/figure><\/div>\n\n\n<p>Irgend etwas war hier anders als in den vielen anderen Orten die wir schon besucht haben. Das sollte dann am n\u00e4chsten&nbsp; Morgen klar werden. Auf dem Weg zum Fr\u00fchst\u00fcck trafen wir an vielen Orten schwarze Arbeiterinnen und Arbeiter die akribisch jedweden M\u00fcll aufsammelten. <strong>Umweltpreisverd\u00e4chtig !!!<\/strong><\/p>\n\n\n\n<p>F\u00fcr heute stand Alexander Bay auf dem Programm. Knapp 100 km nach Norden bis an die Grenze nach Namibia. Eine Stra\u00dfe vom Feinsten, 120 km\/h erlaubt, auf dem Hinweg einen LKW \u00fcberholt und zwei PKW auf der Gegenspur, deutet alles auf totale \u00dcberlastung hin.                            Alexander Bay&nbsp; &#8211;&nbsp; man erwartet ja irgend etwas, vielleicht Industrieanlagen, einen Park, ein Denkmal oder \u2026. !                                                                      Nein, es ist einfach nichts da! Vielleicht 50 H\u00e4user, ganz sicher eine Polizeistation und das wars dann auch schon.<\/p>\n\n\n\n<p>Weiter ging die Suche, wir wollten zum Oranje Delta, j\u00e4mmerlicher Feldweg, der nach der H\u00e4lfte der Strecke j\u00e4h&nbsp; unterbrochen war,&nbsp; Zufall oder Absicht?<\/p>\n\n\n<div class=\"wp-block-image\">\n<figure class=\"aligncenter size-large\"><img decoding=\"async\" loading=\"lazy\" width=\"2000\" height=\"1500\" src=\"http:\/\/kuruman-gliding-camp.de\/wp-content\/uploads\/2019\/12\/CIMG6292-2000x1500.jpg\" alt=\"\" class=\"wp-image-1327\" srcset=\"http:\/\/kuruman-gliding-camp.de\/wp-content\/uploads\/2019\/12\/CIMG6292-2000x1500.jpg 2000w, http:\/\/kuruman-gliding-camp.de\/wp-content\/uploads\/2019\/12\/CIMG6292-150x113.jpg 150w, http:\/\/kuruman-gliding-camp.de\/wp-content\/uploads\/2019\/12\/CIMG6292-768x576.jpg 768w, http:\/\/kuruman-gliding-camp.de\/wp-content\/uploads\/2019\/12\/CIMG6292-1536x1152.jpg 1536w, http:\/\/kuruman-gliding-camp.de\/wp-content\/uploads\/2019\/12\/CIMG6292-2048x1536.jpg 2048w\" sizes=\"(max-width: 2000px) 100vw, 2000px\" \/><\/figure><\/div>\n\n<div class=\"wp-block-image\">\n<figure class=\"aligncenter size-large\"><img decoding=\"async\" loading=\"lazy\" width=\"2000\" height=\"1500\" src=\"http:\/\/kuruman-gliding-camp.de\/wp-content\/uploads\/2019\/12\/CIMG6293-2000x1500.jpg\" alt=\"\" class=\"wp-image-1328\" srcset=\"http:\/\/kuruman-gliding-camp.de\/wp-content\/uploads\/2019\/12\/CIMG6293-2000x1500.jpg 2000w, http:\/\/kuruman-gliding-camp.de\/wp-content\/uploads\/2019\/12\/CIMG6293-150x113.jpg 150w, http:\/\/kuruman-gliding-camp.de\/wp-content\/uploads\/2019\/12\/CIMG6293-768x576.jpg 768w, http:\/\/kuruman-gliding-camp.de\/wp-content\/uploads\/2019\/12\/CIMG6293-1536x1152.jpg 1536w, http:\/\/kuruman-gliding-camp.de\/wp-content\/uploads\/2019\/12\/CIMG6293-2048x1536.jpg 2048w\" sizes=\"(max-width: 2000px) 100vw, 2000px\" \/><\/figure><\/div>\n\n\n<p>Was macht ein Flieger wenn es einen Flugplatz im Ort gibt? Er f\u00e4hrt hin ! Ca. 3 km au\u00dferhalb , genau bis dahin geht die Asphalt Stra\u00dfe, ein Flughafengeb\u00e4ude mit Turm, alles vom Feinsten. Das war allerdings vor 40 Jahren. Reichlich 2,5 km lange Asphalt Bahn, das w\u00e4re was f\u00fcr die 737 Max wenn sie denn fliegen d\u00fcrfte.<\/p>\n\n\n\n<figure class=\"wp-block-image size-large\"><img decoding=\"async\" loading=\"lazy\" width=\"1920\" height=\"2560\" src=\"http:\/\/kuruman-gliding-camp.de\/wp-content\/uploads\/2019\/12\/CIMG6307.jpg\" alt=\"\" class=\"wp-image-1329\" srcset=\"http:\/\/kuruman-gliding-camp.de\/wp-content\/uploads\/2019\/12\/CIMG6307.jpg 1920w, http:\/\/kuruman-gliding-camp.de\/wp-content\/uploads\/2019\/12\/CIMG6307-113x150.jpg 113w, http:\/\/kuruman-gliding-camp.de\/wp-content\/uploads\/2019\/12\/CIMG6307-768x1024.jpg 768w, http:\/\/kuruman-gliding-camp.de\/wp-content\/uploads\/2019\/12\/CIMG6307-1152x1536.jpg 1152w, http:\/\/kuruman-gliding-camp.de\/wp-content\/uploads\/2019\/12\/CIMG6307-1536x2048.jpg 1536w\" sizes=\"(max-width: 1920px) 100vw, 1920px\" \/><figcaption class=\"wp-element-caption\">Pracht-Tower des a\u00e9rodrome d\u00b4Alexander Bay<\/figcaption><\/figure>\n\n\n\n<p>Auf dem R\u00fcckweg noch dem hochfrequentierten Grenz\u00fcbergang einen Besuch abgestattet und dann wieder nach Hause.<\/p>\n\n\n<div class=\"wp-block-image\">\n<figure class=\"aligncenter size-large\"><img decoding=\"async\" loading=\"lazy\" width=\"2000\" height=\"1292\" src=\"http:\/\/kuruman-gliding-camp.de\/wp-content\/uploads\/2019\/12\/CIMG6298-1-2000x1292.jpg\" alt=\"\" class=\"wp-image-1332\" srcset=\"http:\/\/kuruman-gliding-camp.de\/wp-content\/uploads\/2019\/12\/CIMG6298-1-2000x1292.jpg 2000w, http:\/\/kuruman-gliding-camp.de\/wp-content\/uploads\/2019\/12\/CIMG6298-1-150x97.jpg 150w, http:\/\/kuruman-gliding-camp.de\/wp-content\/uploads\/2019\/12\/CIMG6298-1-768x496.jpg 768w, http:\/\/kuruman-gliding-camp.de\/wp-content\/uploads\/2019\/12\/CIMG6298-1-1536x993.jpg 1536w, http:\/\/kuruman-gliding-camp.de\/wp-content\/uploads\/2019\/12\/CIMG6298-1-2048x1323.jpg 2048w\" sizes=\"(max-width: 2000px) 100vw, 2000px\" \/><\/figure><\/div>\n\n\n<p>Naja, das war Alexander Bay auf der s\u00fcdafrikanischen Seite. Das ist kein \u201eMu\u00df\u201c. Zu empfehlen allerdings ist das Meer, der Strand und die Tierwelt in Port Nolloth. Genossen haben wir die Tierbeobachtungen von Delfinen in relativer Strandn\u00e4he, weiter drau\u00dfen die langsam dahin ziehenden Wale und das rege Treiben der Strandv\u00f6gel. Interessante Strandspazierg\u00e4nge nach Norden mit feinstem Sandstrand, und nach S\u00fcden mit zerkl\u00fcfteten Felsen, runden ein gelungenes Alternativprogramm ab. \u00dcbrigens, auch der gesamte Strand ist m\u00fcllfrei.<\/p>\n\n\n<div class=\"wp-block-image\">\n<figure class=\"aligncenter size-large\"><img decoding=\"async\" loading=\"lazy\" width=\"2000\" height=\"1500\" src=\"http:\/\/kuruman-gliding-camp.de\/wp-content\/uploads\/2019\/12\/CIMG6347-2000x1500.jpg\" alt=\"\" class=\"wp-image-1330\" srcset=\"http:\/\/kuruman-gliding-camp.de\/wp-content\/uploads\/2019\/12\/CIMG6347-2000x1500.jpg 2000w, http:\/\/kuruman-gliding-camp.de\/wp-content\/uploads\/2019\/12\/CIMG6347-150x113.jpg 150w, http:\/\/kuruman-gliding-camp.de\/wp-content\/uploads\/2019\/12\/CIMG6347-768x576.jpg 768w, http:\/\/kuruman-gliding-camp.de\/wp-content\/uploads\/2019\/12\/CIMG6347-1536x1152.jpg 1536w, http:\/\/kuruman-gliding-camp.de\/wp-content\/uploads\/2019\/12\/CIMG6347-2048x1536.jpg 2048w\" sizes=\"(max-width: 2000px) 100vw, 2000px\" \/><\/figure><\/div>\n\n\n<figure class=\"wp-block-image size-large\"><img decoding=\"async\" loading=\"lazy\" width=\"2000\" height=\"1500\" src=\"http:\/\/kuruman-gliding-camp.de\/wp-content\/uploads\/2019\/12\/CIMG6330-2000x1500.jpg\" alt=\"\" class=\"wp-image-1331\" srcset=\"http:\/\/kuruman-gliding-camp.de\/wp-content\/uploads\/2019\/12\/CIMG6330-2000x1500.jpg 2000w, http:\/\/kuruman-gliding-camp.de\/wp-content\/uploads\/2019\/12\/CIMG6330-150x113.jpg 150w, http:\/\/kuruman-gliding-camp.de\/wp-content\/uploads\/2019\/12\/CIMG6330-768x576.jpg 768w, http:\/\/kuruman-gliding-camp.de\/wp-content\/uploads\/2019\/12\/CIMG6330-1536x1152.jpg 1536w, http:\/\/kuruman-gliding-camp.de\/wp-content\/uploads\/2019\/12\/CIMG6330-2048x1536.jpg 2048w\" sizes=\"(max-width: 2000px) 100vw, 2000px\" \/><\/figure>\n\n\n\n<p>Zu empfehlen !!!<br><\/p>\n\n\n<hr>\n<h3><b>Bericht 8 &#8211;&nbsp;<\/b><b>KW 49 Regen, Regen und Regen<\/b><\/h3>\n<hr>\n\n\n<p><strong>Montag der 02.12.<\/strong> Der Wetterbericht gab westlich Kuruman schwere Niederschl\u00e4ge vor &#8211; untypisch, weil dort eigentlich die trockenere Luftmasse steht. Daf\u00fcr sollte aber der Bereich nach Norden und Osten ein fliegbares Wetterfenster bringen. Nur der Wind sollte wieder ekelhaft stark sein. <\/p>\n\n\n<div class=\"wp-block-image\">\n<figure class=\"aligncenter size-large\"><img decoding=\"async\" loading=\"lazy\" width=\"2000\" height=\"588\" src=\"http:\/\/kuruman-gliding-camp.de\/wp-content\/uploads\/2019\/12\/Wetter-02.12.-2000x588.png\" alt=\"\" class=\"wp-image-1317\" srcset=\"http:\/\/kuruman-gliding-camp.de\/wp-content\/uploads\/2019\/12\/Wetter-02.12.-2000x588.png 2000w, http:\/\/kuruman-gliding-camp.de\/wp-content\/uploads\/2019\/12\/Wetter-02.12.-150x44.png 150w, http:\/\/kuruman-gliding-camp.de\/wp-content\/uploads\/2019\/12\/Wetter-02.12.-768x226.png 768w, http:\/\/kuruman-gliding-camp.de\/wp-content\/uploads\/2019\/12\/Wetter-02.12.-1536x452.png 1536w, http:\/\/kuruman-gliding-camp.de\/wp-content\/uploads\/2019\/12\/Wetter-02.12.-2048x603.png 2048w\" sizes=\"(max-width: 2000px) 100vw, 2000px\" \/><figcaption class=\"wp-element-caption\">Wetter vom 02.12.<\/figcaption><\/figure><\/div>\n\n\n<p>In Anbetracht der Prognosen f\u00fcr die kommenden 3 Tage\u2026<\/p>\n\n\n<div class=\"wp-block-image\">\n<figure class=\"aligncenter size-large\"><img decoding=\"async\" loading=\"lazy\" width=\"2000\" height=\"596\" src=\"http:\/\/kuruman-gliding-camp.de\/wp-content\/uploads\/2019\/12\/PFD-Di-Do-2000x596.png\" alt=\"\" class=\"wp-image-1318\" srcset=\"http:\/\/kuruman-gliding-camp.de\/wp-content\/uploads\/2019\/12\/PFD-Di-Do-2000x596.png 2000w, http:\/\/kuruman-gliding-camp.de\/wp-content\/uploads\/2019\/12\/PFD-Di-Do-150x45.png 150w, http:\/\/kuruman-gliding-camp.de\/wp-content\/uploads\/2019\/12\/PFD-Di-Do-768x229.png 768w, http:\/\/kuruman-gliding-camp.de\/wp-content\/uploads\/2019\/12\/PFD-Di-Do-1536x457.png 1536w, http:\/\/kuruman-gliding-camp.de\/wp-content\/uploads\/2019\/12\/PFD-Di-Do-2048x610.png 2048w\" sizes=\"(max-width: 2000px) 100vw, 2000px\" \/><figcaption class=\"wp-element-caption\">Prognose f\u00fcr Dienstag, Mittwoch und Donnerstag (v.l.n.r.)<\/figcaption><\/figure><\/div>\n\n\n<p>\u2026standen alle p\u00fcnktlich auf der Startbahn und harrten der Dinge! Vom Wetterbericht stimmte wenigstens das mit dem Wind, das Fenster rutschte deutlich weiter nach Osten als erw\u00fcnscht, sodass thermisch leider nicht aus Kuruman raus zu kommen war.                                                                           F\u00fcr Dieter war dies leider der letzte Tag in Kuruman, nun geht es fast nahtlos weiter nach Australien.<\/p>\n\n\n\n<p>Aufgrund dieser Vorhersagen, standen nun Ausfl\u00fcge an die Westk\u00fcste nach Port Nolloth und Umgebung auf dem Wochenplan. Zwar ging am Mittwoch der \u201eLuftmassen-fight&#8220; zugunsten der trockenen westlichen Luft aus, sie konnte sich allerdings nicht durchsetzten und wurde schon zum Abend hin wieder verdr\u00e4ngt. Thermisch gut war es dann auch in dem gesamten Bereich mit Einstrahlung nicht, wie die Fluganmeldungen im OLC belegen. Der Blick in die Wetterkarten am Donnerstag morgen war unver\u00e4ndert ern\u00fcchternd, seit nunmehr Montag fast durchg\u00e4ngig Regen bei 17-19 \u2103! Die Aussichten bis zum 2. Advent sehen nicht viel verlockender aus, wenigstens soll&#8217;s mit den Temperaturen wieder Bergauf gehen&#8230;<\/p>\n\n\n\n<figure class=\"wp-block-image size-large\"><img decoding=\"async\" loading=\"lazy\" width=\"1816\" height=\"828\" src=\"http:\/\/kuruman-gliding-camp.de\/wp-content\/uploads\/2019\/12\/Donnerstag.png\" alt=\"\" class=\"wp-image-1320\" srcset=\"http:\/\/kuruman-gliding-camp.de\/wp-content\/uploads\/2019\/12\/Donnerstag.png 1816w, http:\/\/kuruman-gliding-camp.de\/wp-content\/uploads\/2019\/12\/Donnerstag-150x68.png 150w, http:\/\/kuruman-gliding-camp.de\/wp-content\/uploads\/2019\/12\/Donnerstag-768x350.png 768w, http:\/\/kuruman-gliding-camp.de\/wp-content\/uploads\/2019\/12\/Donnerstag-1536x700.png 1536w\" sizes=\"(max-width: 1816px) 100vw, 1816px\" \/><figcaption class=\"wp-element-caption\">PFD-Werte wie in Deutschland Anfang Dezember<\/figcaption><\/figure>\n\n\n<hr>\n<h3><b>Bericht 7 &#8211; Restliche Woche<\/b><\/h3>\n<hr>\n\n\n<p><strong>Der Freitag<\/strong> begann mit sehr viel Restfeuchte im mittleren und hohen Niveau. Die PFD Werte sahen zwar wieder \u00fcbermotiviert gut aus, geworden ist dann aber nichts. Erst ca.13 Uhr war das Konglomerat&nbsp;an Wolken nach S\u00fcdosten rausgezogen. \u00dcppige 40 km\/h Wind cross auf der Bahn verhinderten dann schlimmeres f\u00fcr einen m\u00f6glichen sp\u00e4ten Start. Es wurde also wieder eingepackt!<\/p>\n\n\n\n<p><strong>Am 30.11.<\/strong> kam der Wetterbericht etwas verhaltener um die Ecke. Auf der PFD Karte konnte man mit viel Fantasie die Troglinie mit Vorderkante westlich der Lange Berge, hinein interpretieren. Dennoch befanden wir uns (um 150km) auf der nicht so gl\u00e4nzenden Seite, sodass mit heftiger Schauer- und Gewittert\u00e4tigkeit gerechnet werden musste.<\/p>\n\n\n<div class=\"wp-block-image\">\n<figure class=\"aligncenter size-large is-resized\"><img decoding=\"async\" loading=\"lazy\" src=\"http:\/\/kuruman-gliding-camp.de\/wp-content\/uploads\/2019\/12\/PFD-30.11..png\" alt=\"\" class=\"wp-image-1310\" width=\"260\" height=\"232\" srcset=\"http:\/\/kuruman-gliding-camp.de\/wp-content\/uploads\/2019\/12\/PFD-30.11..png 269w, http:\/\/kuruman-gliding-camp.de\/wp-content\/uploads\/2019\/12\/PFD-30.11.-150x134.png 150w\" sizes=\"(max-width: 260px) 100vw, 260px\" \/><\/figure><\/div>\n\n\n<p>Schon 13 Uhr lokaler Zeit stand dann eine gigantisch ausgebildete Linie im s\u00fcdosten beginnend etwa bei Petrusville bis weit hinein nach Botswana.<\/p>\n\n\n<div class=\"wp-block-image\">\n<figure class=\"aligncenter size-large\"><img decoding=\"async\" loading=\"lazy\" width=\"266\" height=\"240\" src=\"http:\/\/kuruman-gliding-camp.de\/wp-content\/uploads\/2019\/12\/13-Uhr-loc..jpeg\" alt=\"\" class=\"wp-image-1311\" srcset=\"http:\/\/kuruman-gliding-camp.de\/wp-content\/uploads\/2019\/12\/13-Uhr-loc..jpeg 266w, http:\/\/kuruman-gliding-camp.de\/wp-content\/uploads\/2019\/12\/13-Uhr-loc.-150x135.jpeg 150w\" sizes=\"(max-width: 266px) 100vw, 266px\" \/><figcaption class=\"wp-element-caption\">13 Uhr, die Troglinie pr\u00e4chtig entwickelt<\/figcaption><\/figure><\/div>\n\n\n<p>Gegen 15 Uhr zerfiel die Linie ein wenig, allerdings hielt sie bis Sunset durch. &nbsp;<\/p>\n\n\n\n<p>Mit der Entscheidung nach dem Start direkt auf die Sonne ( nach Westen ) zu setzten konnten weitere zwei 1000 km Fl\u00fcge einkassiert werden\u2026 Dieter holte sich damit den F\u00fchrungsplatz in der OLC-Champion-Wertung zur\u00fcck. Alles in allem ein interessanter Tag.<\/p>\n\n\n<div class=\"wp-block-image\">\n<figure class=\"aligncenter size-large\"><img decoding=\"async\" loading=\"lazy\" width=\"2000\" height=\"1327\" src=\"http:\/\/kuruman-gliding-camp.de\/wp-content\/uploads\/2019\/12\/DG-2000x1327.png\" alt=\"\" class=\"wp-image-1312\" srcset=\"http:\/\/kuruman-gliding-camp.de\/wp-content\/uploads\/2019\/12\/DG-2000x1327.png 2000w, http:\/\/kuruman-gliding-camp.de\/wp-content\/uploads\/2019\/12\/DG-150x100.png 150w, http:\/\/kuruman-gliding-camp.de\/wp-content\/uploads\/2019\/12\/DG-768x510.png 768w, http:\/\/kuruman-gliding-camp.de\/wp-content\/uploads\/2019\/12\/DG-1536x1020.png 1536w, http:\/\/kuruman-gliding-camp.de\/wp-content\/uploads\/2019\/12\/DG-2048x1359.png 2048w\" sizes=\"(max-width: 2000px) 100vw, 2000px\" \/><figcaption class=\"wp-element-caption\">links Dieter, rechts Gert<\/figcaption><\/figure><\/div>\n\n<div class=\"wp-block-image\">\n<figure class=\"aligncenter size-large\"><img decoding=\"async\" loading=\"lazy\" width=\"1024\" height=\"768\" src=\"http:\/\/kuruman-gliding-camp.de\/wp-content\/uploads\/2019\/12\/Troglinie.jpg\" alt=\"\" class=\"wp-image-1313\" srcset=\"http:\/\/kuruman-gliding-camp.de\/wp-content\/uploads\/2019\/12\/Troglinie.jpg 1024w, http:\/\/kuruman-gliding-camp.de\/wp-content\/uploads\/2019\/12\/Troglinie-150x113.jpg 150w, http:\/\/kuruman-gliding-camp.de\/wp-content\/uploads\/2019\/12\/Troglinie-768x576.jpg 768w\" sizes=\"(max-width: 1024px) 100vw, 1024px\" \/><\/figure><\/div>\n\n\n<p><strong>01.12.<\/strong> erster Advent,&nbsp; wieder ein Tag mit ordentlicher Prognose. Ab 10:30 Uhr zeichneten Cumuli den Bereich rings um Kuruman, nur der Wind blies wiedermal mit zornigen 35 km\/h. Das Sat Bild zeigte im Tagesverlauf \u00c4hnliches wie am Vortag. Schon nach 90 Minuten in der Luft br\u00fcllte das Vario mit knackigen 8,5m\/s. Der n\u00e4chste Tag mit 1000km und somit ein eleganter Wochenabschluss.<\/p>\n\n\n<div class=\"wp-block-image\">\n<figure class=\"aligncenter size-large\"><img decoding=\"async\" loading=\"lazy\" width=\"1024\" height=\"768\" src=\"http:\/\/kuruman-gliding-camp.de\/wp-content\/uploads\/2019\/12\/Troglinie-1.jpg\" alt=\"\" class=\"wp-image-1314\" srcset=\"http:\/\/kuruman-gliding-camp.de\/wp-content\/uploads\/2019\/12\/Troglinie-1.jpg 1024w, http:\/\/kuruman-gliding-camp.de\/wp-content\/uploads\/2019\/12\/Troglinie-1-150x113.jpg 150w, http:\/\/kuruman-gliding-camp.de\/wp-content\/uploads\/2019\/12\/Troglinie-1-768x576.jpg 768w\" sizes=\"(max-width: 1024px) 100vw, 1024px\" \/><\/figure><\/div>\n\n<hr>\n<h3><b>Bericht 6.1 &#8211; der Donnerstag!<\/b><\/h3>\n<hr>\n\n\n<p>Nachdem der gestrige Tag uns mit 3 Starts 3 Fl\u00fcge jenseits der 1000\u00e9r Marke (2 davon mit&nbsp; reichlich 1100km) bescherte, stellte uns Topmeteo zum morgendlichen Briefing mit seiner PFD Karte noch mehr Rott\u00f6ne als Mittwoch vor. Es sollte allerdings etwas \u201eexplosiver\u201c werden, daf\u00fcr eine niedrigerer Basis als gestern geben&#8230; so Skysight und dem afrikanischem Modell&#8230;<\/p>\n\n\n<div class=\"wp-block-image\">\n<figure class=\"aligncenter size-large is-resized\"><img decoding=\"async\" loading=\"lazy\" src=\"http:\/\/kuruman-gliding-camp.de\/wp-content\/uploads\/2019\/11\/PFD.png\" alt=\"\" class=\"wp-image-1303\" width=\"308\" height=\"256\" srcset=\"http:\/\/kuruman-gliding-camp.de\/wp-content\/uploads\/2019\/11\/PFD.png 749w, http:\/\/kuruman-gliding-camp.de\/wp-content\/uploads\/2019\/11\/PFD-150x125.png 150w\" sizes=\"(max-width: 308px) 100vw, 308px\" \/><\/figure><\/div>\n\n\n<p>Die ersten Cumuli entstanden dann auch relativ zeitig, entlang des Gel\u00e4ndebruch\u00b4s bei Schmidtsdrif sogar ungebremst \u00fcbergehend zu Schauern. Um Die Mittagszeit war dann \u00f6stlich sowie nord\u00f6stlich Kuruman bereits&nbsp; kaum noch Einstrahlung. Gegen 14 Uhr loc. begann der Bereich rings um Kuruman geh\u00f6rig \u00fcber zu kochen. Nun war durchaus \u00f6rtlich sehr starke Einstrahlung, allerdings in Form von Blitzen.<\/p>\n\n\n\n<p><\/p>\n\n\n\n<p>Sp\u00e4testens jetzt sollte klar gewesen sein welcher Wetterbericht eher treffen w\u00fcrde&#8230;Es blieb also extrem spannend, da sich bis Sunset die Lage nicht wirklich entspannte und 2 Piloten unterwegs waren. Alles in allem f\u00fcr diesen Tag eine \u00e4u\u00dferst Komplexe Aufgabe, im speziellen das wiederkehren\u2026Die Flugwegwahl ging heute und hier sicherlich eine sehr gute Symbiose mit der Vernunft ein!<\/p>\n\n\n\n<figure class=\"wp-block-image size-large\"><img decoding=\"async\" loading=\"lazy\" width=\"2000\" height=\"419\" src=\"http:\/\/kuruman-gliding-camp.de\/wp-content\/uploads\/2019\/11\/Verlauf-2000x419.png\" alt=\"\" class=\"wp-image-1304\" srcset=\"http:\/\/kuruman-gliding-camp.de\/wp-content\/uploads\/2019\/11\/Verlauf-2000x419.png 2000w, http:\/\/kuruman-gliding-camp.de\/wp-content\/uploads\/2019\/11\/Verlauf-150x31.png 150w, http:\/\/kuruman-gliding-camp.de\/wp-content\/uploads\/2019\/11\/Verlauf-768x161.png 768w, http:\/\/kuruman-gliding-camp.de\/wp-content\/uploads\/2019\/11\/Verlauf-1536x322.png 1536w, http:\/\/kuruman-gliding-camp.de\/wp-content\/uploads\/2019\/11\/Verlauf.png 2042w\" sizes=\"(max-width: 2000px) 100vw, 2000px\" \/><figcaption class=\"wp-element-caption\">Bildfolge (v.l.n.r.) ab 11Uhr loc. -19Uhr(SS)loc.(Raster 2h)<\/figcaption><\/figure>\n\n\n\n<p><\/p>\n\n\n\n<p>960 und 1050km, sowie ein Magen-Darm-Ausfall-Tag. Dieter f\u00fchrte&#8230; Symbiose hin oder her, die OLC-Champions\u00b4Wertung von S\u00fcrafrika wenigstens kurz an&#8230; erstmal ein kleines B\u00e4\u00e4\u00e4\u00e4\u00e4m aus Kuruman!<\/p>\n\n\n\n<figure class=\"wp-block-image size-large\"><img decoding=\"async\" loading=\"lazy\" width=\"1600\" height=\"1200\" src=\"http:\/\/kuruman-gliding-camp.de\/wp-content\/uploads\/2019\/11\/Regenbogen.jpg\" alt=\"\" class=\"wp-image-1306\" srcset=\"http:\/\/kuruman-gliding-camp.de\/wp-content\/uploads\/2019\/11\/Regenbogen.jpg 1600w, http:\/\/kuruman-gliding-camp.de\/wp-content\/uploads\/2019\/11\/Regenbogen-150x113.jpg 150w, http:\/\/kuruman-gliding-camp.de\/wp-content\/uploads\/2019\/11\/Regenbogen-768x576.jpg 768w, http:\/\/kuruman-gliding-camp.de\/wp-content\/uploads\/2019\/11\/Regenbogen-1536x1152.jpg 1536w\" sizes=\"(max-width: 1600px) 100vw, 1600px\" \/><figcaption class=\"wp-element-caption\">Wir w\u00fcnschen einen Romantischen Abend aus Kuruman\/ ZA!!!<\/figcaption><\/figure>\n\n\n<hr>\n<h3><b>Bericht 6 &#8211; neue Woche neues Gl\u00fcck<\/b><\/h3>\n<hr>\n\n\n<p><strong>Montag 25.11.<\/strong> &#8211; Nach der vergangenen Woche und den damit verbundenen Prognosen, wollten wir zum morgendlichen Briefing unseren Augen nicht trauen, als wir den Forecast von Topmeteo auf den Bildschirm legen.<br><\/p>\n\n\n\n<figure class=\"is-layout-flex wp-block-gallery-1 wp-block-gallery has-nested-images columns-default is-cropped aligncenter\">\n<figure class=\"wp-block-image size-large\"><img decoding=\"async\" loading=\"lazy\" width=\"1372\" height=\"340\" data-id=\"1298\"  src=\"http:\/\/kuruman-gliding-camp.de\/wp-content\/uploads\/2019\/11\/30-33.png\" alt=\"\" class=\"wp-image-1298\" srcset=\"http:\/\/kuruman-gliding-camp.de\/wp-content\/uploads\/2019\/11\/30-33.png 1372w, http:\/\/kuruman-gliding-camp.de\/wp-content\/uploads\/2019\/11\/30-33-150x37.png 150w, http:\/\/kuruman-gliding-camp.de\/wp-content\/uploads\/2019\/11\/30-33-768x190.png 768w\" sizes=\"(max-width: 1372px) 100vw, 1372px\" \/><\/figure>\n<\/figure>\n\n\n\n<p>Das f\u00fchlte sich fast schon an als w\u00fcrde Weihnachten und Ostern f\u00fcr die folgenden 10 Jahre auf Donnerstag den 28.11. vorverlegt werden.<\/p>\n\n\n\n<p><strong>Der 25.11.<\/strong> und <strong>26.11.<\/strong> sollten dann allerdings 0,00% Feuchte haben. Viel geflogen wurde ob der Vorhersage nicht, wir nennen es mal &#8222;Schonhaltung&#8220;\u2026 wie bei einem Bandscheibenvorfall. Dennoch wurde von Montag zu Dienstag die Qualit\u00e4t schon sp\u00fcrbar besser. Schnellere Schnitte, besseres Durchschnitts\u00b4steigen, demnach entsprechend auch mehr Kilometer&#8230;und das auf einem klassischen FAI- Dreieck!<\/p>\n\n\n\n<p><strong>Mittwoch den 27.11.<\/strong> gabs dann ein ordentliches Gemisch aus feinsten Cumuli und angenehmer Basis Im morgendlichen Briefing zu bestaunen.<\/p>\n\n\n<div class=\"wp-block-image\">\n<figure class=\"aligncenter is-resized\"><img decoding=\"async\" loading=\"lazy\" src=\"http:\/\/kuruman-gliding-camp.de\/wp-content\/uploads\/2019\/11\/PFD-27.11..png\" alt=\"\" class=\"wp-image-1299\" width=\"347\" height=\"295\" srcset=\"http:\/\/kuruman-gliding-camp.de\/wp-content\/uploads\/2019\/11\/PFD-27.11..png 950w, http:\/\/kuruman-gliding-camp.de\/wp-content\/uploads\/2019\/11\/PFD-27.11.-150x128.png 150w, http:\/\/kuruman-gliding-camp.de\/wp-content\/uploads\/2019\/11\/PFD-27.11.-768x655.png 768w\" sizes=\"(max-width: 347px) 100vw, 347px\" \/><\/figure><\/div>\n\n\n<p>Los ging es dann kurz nach 10 Uhr und direkt mit Steigen um die 3,8 m\/s. Die Cumuli entwickelten sich pr\u00e4chtig, kurz vor der ersten Wende bei Douglas knallte bereits das erste 6,6\u00b4er Rohr bis 4800mMSL durch. Weiter ging die Reise dann Richtung Mafikeng. Bis erste Ausbreitungen mit den damit zusammenh\u00e4ngenden gro\u00dfr\u00e4umigen abgeschirmten sowie abgesaugten Bereichen den Weiterflug in die Richtung verlangsamt h\u00e4tten. Mit der Wende in Botswana bei 330km auf die Homebase um 16:15Uhr war dann die Zeit reif um wieder nach hause zu fliegen.<\/p>\n\n\n<div class=\"wp-block-image\">\n<figure class=\"aligncenter\"><img decoding=\"async\" loading=\"lazy\" width=\"2000\" height=\"601\" src=\"http:\/\/kuruman-gliding-camp.de\/wp-content\/uploads\/2019\/11\/9-17-Uhr-2000x601.png\" alt=\"\" class=\"wp-image-1300\" srcset=\"http:\/\/kuruman-gliding-camp.de\/wp-content\/uploads\/2019\/11\/9-17-Uhr-2000x601.png 2000w, http:\/\/kuruman-gliding-camp.de\/wp-content\/uploads\/2019\/11\/9-17-Uhr-150x45.png 150w, http:\/\/kuruman-gliding-camp.de\/wp-content\/uploads\/2019\/11\/9-17-Uhr-768x231.png 768w\" sizes=\"(max-width: 2000px) 100vw, 2000px\" \/><figcaption class=\"wp-element-caption\">Satbild 10:00\/ 12:00\/ 15:00\/ 17:00 Uhr loc.<\/figcaption><\/figure><\/div>\n\n\n<p>Fazit: erster richtig vern\u00fcnftiger Tag f\u00fcr Kuruman mit entsprechenden Ergebnissen! <br><a href=\"https:\/\/www.onlinecontest.org\/olc-3.0\/gliding\/flightsOfAirfield.html?aa=KURUM1&amp;st=olcp&amp;rt=olc&amp;c=ZA&amp;sc=&amp;sp=2020\">https:\/\/www.onlinecontest.org\/olc-3.0\/gliding\/flightsOfAirfield.html?aa=KURUM1&amp;st=olcp&amp;rt=olc&amp;c=ZA&amp;sc=&amp;sp=2020<\/a><\/p>\n\n\n<hr>\n<h3><b>Bericht 5 &#8211; Rest der KW 47<\/b><\/h3>\n<hr>\n\n\n<p><strong>Der 21.11.<\/strong> versprach ein guter Tag zu werden, das Wettermodell gab gro\u00dfr\u00e4umig Cumulusthermik mit Basish\u00f6hen zum Nachmittag bis 4400mNN ansteigend vor.<\/p>\n\n\n\n<p>Schon gegen 10:30 Uhr loc. standen die ersten Quellungen rings um Kuruman.&nbsp;<\/p>\n\n\n<div class=\"wp-block-image\">\n<figure class=\"aligncenter is-resized\"><img decoding=\"async\" loading=\"lazy\" src=\"http:\/\/kuruman-gliding-camp.de\/wp-content\/uploads\/2019\/11\/20.jpg\" alt=\"\" class=\"wp-image-1294\" width=\"571\" height=\"428\" srcset=\"http:\/\/kuruman-gliding-camp.de\/wp-content\/uploads\/2019\/11\/20.jpg 1024w, http:\/\/kuruman-gliding-camp.de\/wp-content\/uploads\/2019\/11\/20-150x113.jpg 150w, http:\/\/kuruman-gliding-camp.de\/wp-content\/uploads\/2019\/11\/20-768x576.jpg 768w\" sizes=\"(max-width: 571px) 100vw, 571px\" \/><figcaption class=\"wp-element-caption\">im Start, Cu Zeichnung im S\u00fcdosten, Kuruman Stadt und Flugplatz<\/figcaption><\/figure><\/div>\n\n\n<p>Nach den ersten 150 km mit sehr m\u00e4\u00dfigen Steigwerten und einer Basis &gt;1000mAGL ging es dann mit laaaaaaangsam ansteigender Basis Richtung S\u00fcden. Der N\u00e4chste Schenkel f\u00fchrte mit ordentlichen (..nicht \u00fcberragenden\u2026) Bedingungen Richtung Askham. Der Heimweg war bis an die Westkante der Lange Berge ebenfalls Problemlos, ab da wurde es dann \u201ed\u00fcnn\u201c. Dennoch 2 Fl\u00fcge \u00fcber 950km, hinten raus fehlte leider etwas Zeit um in den 4-stelligen Bereich zu gleiten\u2026<\/p>\n\n\n<div class=\"wp-block-image\">\n<figure class=\"aligncenter\"><img decoding=\"async\" loading=\"lazy\" width=\"1024\" height=\"768\" src=\"http:\/\/kuruman-gliding-camp.de\/wp-content\/uploads\/2019\/11\/18-1.jpg\" alt=\"\" class=\"wp-image-1293\" srcset=\"http:\/\/kuruman-gliding-camp.de\/wp-content\/uploads\/2019\/11\/18-1.jpg 1024w, http:\/\/kuruman-gliding-camp.de\/wp-content\/uploads\/2019\/11\/18-1-150x113.jpg 150w, http:\/\/kuruman-gliding-camp.de\/wp-content\/uploads\/2019\/11\/18-1-768x576.jpg 768w\" sizes=\"(max-width: 1024px) 100vw, 1024px\" \/><figcaption class=\"wp-element-caption\">am Abend, Lange Berge mit Blick nach S\u00fcden (ca.110km Westlich von Kuruman)<\/figcaption><\/figure><\/div>\n\n\n<p><strong>Am 22.11.<\/strong> sollte es wieder (\u2026oder endlich mal\u2026) gut werden! Topmeteo malte gro\u00dfe knallrote Flecken \u00fcber das Land, nur in unserem Bereich und n\u00f6rdlich, sollte es ab dem fr\u00fchen Nachmittag lokal \u00fcberkochen!&nbsp;<\/p>\n\n\n\n<p>Stimmig zur Prognose war dann der Teil mit den Schauern und Gewittern. Die roten Flecken waren reichlich \u00fcbermotiviert in die Karten gekleckert worden, die Thermikqualit\u00e4t&nbsp; entsprach leider nicht der Prognose und schon gar nicht der roten Farbe, die offensichtlich aus versehen ausgelaufen schien.<\/p>\n\n\n\n<p>Dieter l\u00f6tet die ASH 31 \u00fcber 800 km im zick zack durch die Provinzen Nordkap und Nordwest, Gert landet ohne Strom nach kurzer Zeit wieder, was Igor macht, wei\u00df nur Igor selbst\u2026<\/p>\n\n\n\n<p><strong>Der 23.11.<\/strong> verlief weitestgehend den Vorhersagen entsprechend, den Vorhersagen von Skysight und dem Afrikaner, an dieser Stelle bin ich geneigt einmal \u201edie Lanze brechen\u201c und festhalten, das genau ein nicht genannter Anbieter erneut total \u00fcbermotivierte Prognosen erstellte\u2026. An diese Vorhersage gehalten hat sich dann keiner\u2026 zum GL\u00dcCK.<\/p>\n\n\n\n<p><strong>24.11.<\/strong> &#8211; Knochentrocken mit 35 kt Wind. Das gilt unter N\u00e4hern schon als ein unl\u00f6sbarer Fitz\u2026<\/p>\n\n\n\n<p>Aufgrund der Vortagspause gab es dennoch den ein oder anderen, der sich das antat.<\/p>\n\n\n\n<p>Im sp\u00e4teren Nachmittagsverlauf konnte sogar auf dem Radar unweit der Borderline zu Botswana Cumulus gesichtet werden\u2026 Ergebnis:&nbsp;au\u00dfer einem vern\u00fcnftigen Sonnenbrand auf der Nase&#8230; nicht der Rede wert.<\/p>\n\n\n<hr>\n<h3><b>Bericht 4 &#8211; fliegen und feiern<\/b><\/h3>\n<hr>\n\n\n<p><strong>18.11.2019<\/strong><\/p>\n\n\n\n<p>Zum morgendlichen Wetterbriefing zeigte sich der Himmel \u00fcber Kuruman blau, jedoch im Norden konnte man vom Boden aus die dichtere Bew\u00f6lkung erkennen.<\/p>\n\n\n\n<p>Normalerweise heizt die Sonne so etwas recht z\u00fcgig weg, an diesem Tag sprachen die Wetterkarten allerdings nicht davon.<\/p>\n\n\n\n<p>Dazu wehte in FL 100 ein nicht zu verachtender Wind aus NW.<\/p>\n\n\n\n<p>Gegen 13 Uhr zeigt uns dann der einsehbare Bereich um Kuruman Lentis! &nbsp;<\/p>\n\n\n<div class=\"wp-block-image\">\n<figure class=\"aligncenter\"><img decoding=\"async\" loading=\"lazy\" width=\"1024\" height=\"768\" src=\"http:\/\/kuruman-gliding-camp.de\/wp-content\/uploads\/2019\/11\/Welle.jpg\" alt=\"\" class=\"wp-image-1291\" srcset=\"http:\/\/kuruman-gliding-camp.de\/wp-content\/uploads\/2019\/11\/Welle.jpg 1024w, http:\/\/kuruman-gliding-camp.de\/wp-content\/uploads\/2019\/11\/Welle-150x113.jpg 150w, http:\/\/kuruman-gliding-camp.de\/wp-content\/uploads\/2019\/11\/Welle-768x576.jpg 768w\" sizes=\"(max-width: 1024px) 100vw, 1024px\" \/><\/figure><\/div>\n\n\n<p>Dieter und Igor treibt die lange Pause dennoch an den Himmel, so zum eingew\u00f6hnen\u2026<\/p>\n\n\n\n<p><strong>Der 19.11.<\/strong> versprach etwas besseres Wetter, das kernige Windfeld verlagerte sich s\u00fcdw\u00e4rts und die \u00fcberentwickelnde Feuchte verschob sich im wesentlichen nach Osten.<\/p>\n\n\n\n<p>Gegen 12 Uhr loc. war bereits ein schmaler, aber gut nutzbarer Streifen Richtung Tshabong (Botswana) und weiter in den Norden auf dem Sat-Bild erkennbar der sich im Tagesverlauf immer pr\u00e4chtiger entwickelte.<\/p>\n\n\n<div class=\"wp-block-image\">\n<figure class=\"aligncenter\"><img decoding=\"async\" loading=\"lazy\" width=\"1210\" height=\"496\" src=\"http:\/\/kuruman-gliding-camp.de\/wp-content\/uploads\/2019\/11\/1315-Uhr.png\" alt=\"\" class=\"wp-image-1287\" srcset=\"http:\/\/kuruman-gliding-camp.de\/wp-content\/uploads\/2019\/11\/1315-Uhr.png 1210w, http:\/\/kuruman-gliding-camp.de\/wp-content\/uploads\/2019\/11\/1315-Uhr-150x61.png 150w, http:\/\/kuruman-gliding-camp.de\/wp-content\/uploads\/2019\/11\/1315-Uhr-768x315.png 768w\" sizes=\"(max-width: 1210px) 100vw, 1210px\" \/><figcaption class=\"wp-element-caption\">13 und 15 Uhr loc.<\/figcaption><\/figure><\/div>\n\n<div class=\"wp-block-image\">\n<figure class=\"aligncenter\"><img decoding=\"async\" loading=\"lazy\" width=\"1210\" height=\"496\" src=\"http:\/\/kuruman-gliding-camp.de\/wp-content\/uploads\/2019\/11\/17-Uhr-Sunset.png\" alt=\"\" class=\"wp-image-1288\" srcset=\"http:\/\/kuruman-gliding-camp.de\/wp-content\/uploads\/2019\/11\/17-Uhr-Sunset.png 1210w, http:\/\/kuruman-gliding-camp.de\/wp-content\/uploads\/2019\/11\/17-Uhr-Sunset-150x61.png 150w, http:\/\/kuruman-gliding-camp.de\/wp-content\/uploads\/2019\/11\/17-Uhr-Sunset-768x315.png 768w\" sizes=\"(max-width: 1210px) 100vw, 1210px\" \/><figcaption class=\"wp-element-caption\">17 Uhr und kurz vor Sunset<\/figcaption><\/figure><\/div>\n\n\n<p>Das Ergebnis konnte sich dann f\u00fcr den ersten Flugtag auch sehen lassen. Wenn auch die 1000\u00b4der Marke nicht ganz geknackt wurde, holte Dieter mit 986km zumindest in der OLC Tageswertung -S\u00fcdafrika- den Tagessieg.<\/p>\n\n\n<div class=\"wp-block-image\">\n<figure class=\"aligncenter\"><img decoding=\"async\" loading=\"lazy\" width=\"1024\" height=\"768\" src=\"http:\/\/kuruman-gliding-camp.de\/wp-content\/uploads\/2019\/11\/18.jpg\" alt=\"\" class=\"wp-image-1289\" srcset=\"http:\/\/kuruman-gliding-camp.de\/wp-content\/uploads\/2019\/11\/18.jpg 1024w, http:\/\/kuruman-gliding-camp.de\/wp-content\/uploads\/2019\/11\/18-150x113.jpg 150w, http:\/\/kuruman-gliding-camp.de\/wp-content\/uploads\/2019\/11\/18-768x576.jpg 768w\" sizes=\"(max-width: 1024px) 100vw, 1024px\" \/><\/figure><\/div>\n\n\n<p><strong>Am 20.11.<\/strong> standen schon fr\u00fch morgens die ersten gro\u00dfen Gewitterzellen rings um Kuruman. Ab 15 Uhr prasselten dann Unmengen an Wasser und k\u00f6rnigem Wasser nieder.&nbsp;<\/p>\n\n\n\n<p>Also ein Ruhetag, wir gratulieren aber an dieser Stelle herzlichst mit Blitzlicht und Donnerknall der <strong>PETRA<\/strong> zum Geburtstag!!! <\/p>\n\n\n<hr>\n<h3><b>Bericht 3 &#8211;&nbsp;<\/b><b>Endlich geht\u2019s voran\u2026<\/b><\/h3>\n<hr>\n\n\n<p><strong>12.-16.11.2019<\/strong><\/p>\n\n\n\n<p>\u2026die Flieger sind endlich eingetroffen. Die ersten Crews ebenso &#8211; Gert mit Petra, Igor mit Besatzung (?) sowie noch ganz spontan der liebe Dieter &#8211; und haben ihr Quartier bezogen.<\/p>\n\n\n\n<figure class=\"is-layout-flex wp-block-gallery-3 wp-block-gallery has-nested-images columns-default is-cropped aligncenter\">\n<figure class=\"wp-block-image size-large\"><img decoding=\"async\" loading=\"lazy\" width=\"1298\" height=\"568\" data-id=\"1279\"  src=\"http:\/\/kuruman-gliding-camp.de\/wp-content\/uploads\/2019\/11\/8-10.png\" alt=\"\" class=\"wp-image-1279\" srcset=\"http:\/\/kuruman-gliding-camp.de\/wp-content\/uploads\/2019\/11\/8-10.png 1298w, http:\/\/kuruman-gliding-camp.de\/wp-content\/uploads\/2019\/11\/8-10-150x66.png 150w, http:\/\/kuruman-gliding-camp.de\/wp-content\/uploads\/2019\/11\/8-10-768x336.png 768w\" sizes=\"(max-width: 1298px) 100vw, 1298px\" \/><\/figure>\n<\/figure>\n\n\n\n<p>Nach einigem \u201eUmsortieren\u201c -der Container stand am falschen Platz- wurde unter herrlich blauem Himmel ausgepackt<\/p>\n\n\n\n<figure class=\"is-layout-flex wp-block-gallery-5 wp-block-gallery has-nested-images columns-default is-cropped aligncenter\">\n<figure class=\"wp-block-image size-large\"><img decoding=\"async\" loading=\"lazy\" width=\"1042\" height=\"696\" data-id=\"1282\"  src=\"http:\/\/kuruman-gliding-camp.de\/wp-content\/uploads\/2019\/11\/11-12-1.png\" alt=\"\" class=\"wp-image-1282\" srcset=\"http:\/\/kuruman-gliding-camp.de\/wp-content\/uploads\/2019\/11\/11-12-1.png 1042w, http:\/\/kuruman-gliding-camp.de\/wp-content\/uploads\/2019\/11\/11-12-1-150x100.png 150w, http:\/\/kuruman-gliding-camp.de\/wp-content\/uploads\/2019\/11\/11-12-1-768x513.png 768w\" sizes=\"(max-width: 1042px) 100vw, 1042px\" \/><\/figure>\n<\/figure>\n\n\n\n<p> und sp\u00e4ter aufger\u00fcstet, betankt um den Flieger auf seinem Stellplatz schlussendlich in Bez\u00fcgen zu verankern.<\/p>\n\n\n\n<p>Alle Flieger haben den Transport absolut unbeschadet \u00fcberstanden &nbsp;und warten nun auf ihren ersten kernigen Einsatz am S\u00fcdafrikanischen Himmel!<br><\/p>\n\n\n<hr>\n<h3><b>Bericht 2 &#8211; was sonst noch so los ist\u2026<\/b><\/h3>\n<hr>\n\n\n<p><strong>Anfang November 2019, ZA<\/strong><\/p>\n\n\n<div class=\"wp-block-image\">\n<figure class=\"aligncenter\"><img decoding=\"async\" loading=\"lazy\" width=\"1820\" height=\"850\" src=\"http:\/\/kuruman-gliding-camp.de\/wp-content\/uploads\/2019\/11\/6.png\" alt=\"\" class=\"wp-image-1273\" srcset=\"http:\/\/kuruman-gliding-camp.de\/wp-content\/uploads\/2019\/11\/6.png 1820w, http:\/\/kuruman-gliding-camp.de\/wp-content\/uploads\/2019\/11\/6-150x70.png 150w, http:\/\/kuruman-gliding-camp.de\/wp-content\/uploads\/2019\/11\/6-768x359.png 768w\" sizes=\"(max-width: 1820px) 100vw, 1820px\" \/><\/figure><\/div>\n\n\n<p>W\u00e4hrend unser Container-Kutter gerade erst h\u00f6he Mossel Bay \/ George auf die Zielgerade Richtung Port Elizabeth eindreht, dreht <strong>Mannie McLauchlan<\/strong> von Bloemfontein startend,&nbsp; geh\u00f6rig auf.<\/p>\n\n\n\n<p>Unter sch\u00f6nstem Cumulushimmel am 4. November  -normalerweise zeichnet sich der Zeitraum eher durch m\u00e4\u00dfige Blauthermik aus- gelang ihm ein deklarierter 1000km Flug &#8222;out and return&#8220; mit sagenhaften 164,7 km\/h. <strong>Well done!!!!<\/strong><\/p>\n\n\n<div class=\"wp-block-image\">\n<figure class=\"aligncenter\"><img decoding=\"async\" loading=\"lazy\" width=\"1264\" height=\"990\" src=\"http:\/\/kuruman-gliding-camp.de\/wp-content\/uploads\/2019\/11\/7.png\" alt=\"\" class=\"wp-image-1274\" srcset=\"http:\/\/kuruman-gliding-camp.de\/wp-content\/uploads\/2019\/11\/7.png 1264w, http:\/\/kuruman-gliding-camp.de\/wp-content\/uploads\/2019\/11\/7-150x117.png 150w, http:\/\/kuruman-gliding-camp.de\/wp-content\/uploads\/2019\/11\/7-768x602.png 768w\" sizes=\"(max-width: 1264px) 100vw, 1264px\" \/><\/figure><\/div>\n\n\n<p>Der n\u00e4chste Continental Rekord innerhalb sehr kurzer Zeit mit Startpunkt in S\u00fcdafrika. Auch dieser Flug f\u00fchrt durch unser Nordwestliches Gebiet, an Kuruman vorbei bis kurz hinter die Borderline von Botswana.<\/p>\n\n\n\n<p>Wir erwarten die Container  p\u00fcnktlich (&#8230;und nun sehns\u00fcchtig..) am Ziel, werden jedoch den Campbeginn f\u00fcr n\u00e4chstes Jahr nochmal intensiv \u00fcberdenken\u2026<\/p>\n\n\n<hr>\n<h3><b>Bericht 1 &#8211; Vorbereitung<\/b><\/h3>\n<hr>\n\n\n<p>Mitte September 2019, Roitzschjora<\/p>\n\n\n\n<p>Die Vorbereitungen zum Verladen liefen auf Hochtouren, das Equipment f\u00fcr alle 3 Container wurde sorgf\u00e4ltig vorsortiert und in die einzelnen Container verbracht.&nbsp;<\/p>\n\n\n\n<p>In dieser Saison fahren 9 Flugzeuge in insgesamt 2 Containern nach Douglas und 5 Flieger gehen nach Kuruman.<\/p>\n\n\n\n<p>Diverse Modifikationen wurden bereits vorgenommen, um die Sicherheit f\u00fcr das gesamte \u201eZubeh\u00f6r\u201c zu gew\u00e4hrleisten.<\/p>\n\n\n\n<p>Verladen wurde am 27.09.-29.09. auf dem Flugplatz in Roitzschjora.<\/p>\n\n\n\n<p>Dienstag den 08.10. wurden alle Container bei \u201eSauwetter\u201c sicher auf die LKW verladen.<\/p>\n\n\n<div class=\"wp-block-image\">\n<figure class=\"aligncenter is-resized\"><img decoding=\"async\" loading=\"lazy\" src=\"http:\/\/kuruman-gliding-camp.de\/wp-content\/uploads\/2019\/10\/1-1.jpg\" alt=\"\" class=\"wp-image-1250\" width=\"346\" height=\"286\" srcset=\"http:\/\/kuruman-gliding-camp.de\/wp-content\/uploads\/2019\/10\/1-1.jpg 1219w, http:\/\/kuruman-gliding-camp.de\/wp-content\/uploads\/2019\/10\/1-1-150x125.jpg 150w, http:\/\/kuruman-gliding-camp.de\/wp-content\/uploads\/2019\/10\/1-1-768x638.jpg 768w\" sizes=\"(max-width: 346px) 100vw, 346px\" \/><\/figure><\/div>\n\n\n<p>Das Schiff \u201eMOL Presence\u201c ist am 13.10. in Bremerhaven in See gestochen und wird am 05.11. in Port Elisabeth erwartet. Damit sollte einem p\u00fcnktlichen Start in die S\u00fcdafrikanische Segelflugsaison nichts mehr im Wege stehen.<\/p>\n\n\n\n<p>Nun ist bereits der 23.10., die \u201ePresence\u201c ist bereits an der Nord-West-K\u00fcste vorbei auf H\u00f6he Angola\/Namibia, da stellt sich schon&nbsp; der erste \u201eHammertag\u201c in unserem Fluggebiet ein.<\/p>\n\n\n\n<p>Oscar Goudriaan (Akavlieg PUK), gerade frisch gebackener S\u00fcdafrikanischer-Vizemeister der 15m Klasse, fliegt im Nordwesten des Landes am 19.10. in der noch jungen \u201eFr\u00fchlingssaison\u201c mit seiner JS 3 ein 1050km Dreieck, mit 159,8km\/h!&nbsp;<\/p>\n\n\n\n<figure class=\"wp-block-image\"><img decoding=\"async\" loading=\"lazy\" width=\"1274\" height=\"866\" src=\"http:\/\/kuruman-gliding-camp.de\/wp-content\/uploads\/2019\/10\/4.png\" alt=\"\" class=\"wp-image-1255\" srcset=\"http:\/\/kuruman-gliding-camp.de\/wp-content\/uploads\/2019\/10\/4.png 1274w, http:\/\/kuruman-gliding-camp.de\/wp-content\/uploads\/2019\/10\/4-150x102.png 150w, http:\/\/kuruman-gliding-camp.de\/wp-content\/uploads\/2019\/10\/4-768x522.png 768w\" sizes=\"(max-width: 1274px) 100vw, 1274px\" \/><\/figure>\n\n\n\n<p>Sehr wahrscheinlich ein neuer Nationaler (\u2026internationaler??) Rekord in der 15m Klasse.<\/p>\n","protected":false},"excerpt":{"rendered":"<p>Februar 2025 &#8211; &#8230; Saison 25-26\u00a0 Wir leben noch! Nach einer gef\u00fchlten Ewigkeit kommt nun endlich wieder Schwung in das Thema S\u00fcdafrika, Fliegen und genie\u00dfen&#8230; \u00a0Nach einiger Umstrukturierung werden wir im Herbst 2025 mit (maximal) 2 Containern Flugzeuge an den Standort Douglas (hier kann auch Turbo, Jet sowie ummotorisiert geflogen werden!!) fahren! \u00a0 Noch sind &#8230; <span class=\"more\"><a class=\"more-link\" href=\"http:\/\/kuruman-gliding-camp.de\/\">[Read more&#8230;]<\/a><\/span><\/p>\n","protected":false},"author":2,"featured_media":0,"parent":0,"menu_order":0,"comment_status":"closed","ping_status":"closed","template":"","meta":[],"_links":{"self":[{"href":"http:\/\/kuruman-gliding-camp.de\/index.php?rest_route=\/wp\/v2\/pages\/492"}],"collection":[{"href":"http:\/\/kuruman-gliding-camp.de\/index.php?rest_route=\/wp\/v2\/pages"}],"about":[{"href":"http:\/\/kuruman-gliding-camp.de\/index.php?rest_route=\/wp\/v2\/types\/page"}],"author":[{"embeddable":true,"href":"http:\/\/kuruman-gliding-camp.de\/index.php?rest_route=\/wp\/v2\/users\/2"}],"replies":[{"embeddable":true,"href":"http:\/\/kuruman-gliding-camp.de\/index.php?rest_route=%2Fwp%2Fv2%2Fcomments&post=492"}],"version-history":[{"count":209,"href":"http:\/\/kuruman-gliding-camp.de\/index.php?rest_route=\/wp\/v2\/pages\/492\/revisions"}],"predecessor-version":[{"id":1451,"href":"http:\/\/kuruman-gliding-camp.de\/index.php?rest_route=\/wp\/v2\/pages\/492\/revisions\/1451"}],"wp:attachment":[{"href":"http:\/\/kuruman-gliding-camp.de\/index.php?rest_route=%2Fwp%2Fv2%2Fmedia&parent=492"}],"curies":[{"name":"wp","href":"https:\/\/api.w.org\/{rel}","templated":true}]}}